{"id":104,"date":"2020-12-14T13:20:18","date_gmt":"2020-12-14T12:20:18","guid":{"rendered":"https:\/\/onetech.dev\/covid\/?page_id=104"},"modified":"2026-04-22T13:32:32","modified_gmt":"2026-04-22T12:32:32","slug":"radiologie","status":"publish","type":"page","link":"https:\/\/onetech.dev\/covid\/radiologie","title":{"rendered":"Radiologie"},"content":{"rendered":"<section class=\"l-section wpb_row height_small\"><div class=\"l-section-h i-cf\"><div class=\"g-cols vc_row via_grid cols_1 laptops-cols_inherit tablets-cols_inherit mobiles-cols_1 valign_top type_default stacking_default\"><div class=\"wpb_column vc_column_container type_sticky\"><div class=\"vc_column-inner\" style=\"top:180px\"><div class=\"w-image us_custom_fb33871a us_animate_this has_height align_center\"><div class=\"w-image-h\"><img decoding=\"async\" width=\"900\" height=\"127\" src=\"https:\/\/onetech.dev\/covid\/data\/irc_logo.png\" class=\"attachment-full size-full\" alt=\"\" loading=\"lazy\" srcset=\"https:\/\/onetech.dev\/covid\/data\/irc_logo.png 900w, https:\/\/onetech.dev\/covid\/data\/irc_logo-300x42.png 300w, https:\/\/onetech.dev\/covid\/data\/irc_logo-150x21.png 150w\" sizes=\"auto, (max-width: 900px) 100vw, 900px\" \/><\/div><\/div><div class=\"ult-spacer spacer-69f4101497e5b\" data-id=\"69f4101497e5b\" data-height=\"35\" data-height-mobile=\"35\" data-height-tab=\"35\" data-height-tab-portrait=\"\" data-height-mobile-landscape=\"\" style=\"clear:both;display:block;\"><\/div><h3 class=\"w-text us_custom_7ccf62ca has_text_color\"><span class=\"w-text-h\"><span class=\"w-text-value\">RECOMMANDATIONS G\u00c9N\u00c9RALES<\/span><\/span><\/h3><\/div><\/div><\/div><\/div><\/section><section class=\"l-section wpb_row height_small\"><div class=\"l-section-h i-cf\"><div class=\"g-cols vc_row via_grid cols_1 laptops-cols_inherit tablets-cols_inherit mobiles-cols_1 valign_top type_default stacking_default\"><div class=\"wpb_column vc_column_container\"><div class=\"vc_column-inner\"><div class=\"g-cols wpb_row via_grid cols_2-1 laptops-cols_inherit tablets-cols_inherit mobiles-cols_1 valign_top type_default stacking_default\" style=\"--columns-gap:3rem;\"><div class=\"wpb_column vc_column_container\"><div class=\"vc_column-inner\"><div class=\"aio-icon-component    style_2\"><a class=\"aio-icon-box-link\" ><div id=\"Info-box-wrap-1396\" class=\"aio-icon-box left-icon\" style=\"\"  ><div class=\"aio-icon-left\"><div class=\"ult-just-icon-wrapper  \"><div class=\"align-icon\" style=\"text-align:center;\">\n<div class=\"aio-icon-img \" style=\"font-size:50px;background:#03254C;border-style:solid;border-color:#03254C;border-width:1px;padding:20px;border-radius:500px;display:inline-block;\" >\n\t<img decoding=\"async\" class=\"img-icon\" alt=\"null\" src=\"https:\/\/onetech.dev\/covid\/data\/x-ray.png\"\/>\n<\/div><\/div><\/div><\/div><div class=\"aio-ibd-block\"><div class=\"aio-icon-header\" ><h6 class=\"aio-icon-title ult-responsive\"  data-ultimate-target='#Info-box-wrap-1396 .aio-icon-title'  data-responsive-json-new='{\"font-size\":\"\",\"line-height\":\"\"}'  style=\"font-weight:bold;color:#03254C;\">Radiologie<\/h6><\/div> <!-- header --><\/div> <!-- aio-ibd-block --><\/div> <!-- aio-icon-box --><\/a><\/div> <!-- aio-icon-component --><\/div><\/div><div class=\"wpb_column vc_column_container\"><div class=\"vc_column-inner\"><div class=\"w-btn-wrapper align_right\"><a class=\"w-btn us-btn-style_1 icon_atleft\" href=\"https:\/\/onetech.dev\/covid\/\"><i class=\"far fa-backward\"><\/i><span class=\"w-btn-label\">Retour<\/span><\/a><\/div><\/div><\/div><\/div><div class=\"ult-spacer spacer-69f4101498e89\" data-id=\"69f4101498e89\" data-height=\"25\" data-height-mobile=\"25\" data-height-tab=\"25\" data-height-tab-portrait=\"\" data-height-mobile-landscape=\"\" style=\"clear:both;display:block;\"><\/div><div class=\"g-cols wpb_row via_grid cols_1 laptops-cols_inherit tablets-cols_inherit mobiles-cols_1 valign_top type_default stacking_default\" style=\"--columns-gap:3rem;\"><div class=\"wpb_column vc_column_container us_custom_7e20fa79 us_animate_this\"><div class=\"vc_column-inner\"><div class=\"w-tabs us_custom_064d3121 style_default switch_click accordion has_scrolling\" style=\"--sections-title-size:18px\"><div class=\"w-tabs-sections titles-align_none icon_chevron cpos_right\"><div class=\"w-tabs-section active\" id=\"zab5\"><button class=\"w-tabs-section-header active\" aria-controls=\"content-zab5\" aria-expanded=\"true\"><div class=\"w-tabs-section-title\">A. Quelle technique d\u2019imagerie est la plus adapt\u00e9e pour le bilan des infections par le Covid19 ?<\/div><div class=\"w-tabs-section-control\"><\/div><\/button><div  class=\"w-tabs-section-content us_custom_ea76afbe\" id=\"content-zab5\"><div class=\"w-tabs-section-content-h i-cf\"><div class=\"wpb_text_column\"><div class=\"wpb_wrapper\"><ul>\n<li style=\"text-align: justify;\"><strong>Le scanner<\/strong><\/li>\n<\/ul>\n<p style=\"text-align: justify;\">Le scanner constitue l\u2019examen de choix. En effet, compte tenu de la forte pr\u00e9valence de la symptomatologie respiratoire au cours des infections par le Covid19, et gr\u00e2ce \u00e0 sa bonne valeur pr\u00e9dictive positive (65%) et sa tr\u00e8s bonne valeur pr\u00e9dictive n\u00e9gative (83%), le scanner thoracique constitue l\u2019examen le mieux adapt\u00e9 pour le bilan des l\u00e9sions pulmonaires dues au Covid19.<\/p>\n<p style=\"text-align: justify;\">Certaines publications font \u00e9tat de l\u2019existence de l\u00e9sions extra thoraciques :<\/p>\n<ul style=\"text-align: justify;\">\n<li>Enc\u00e9phaliques notamment sous forme de foyers h\u00e9morragiques thalamiques, indiquant une exploration IRM<\/li>\n<li>Cardiaques sous forme de tableaux cliniques pouvant parfois \u00eatre proche de la pr\u00e9sentation de l\u2019infarctus, de l\u2019insuffisance cardiaque ou des myocardites indiquant une exploration adapt\u00e9e, compl\u00e9t\u00e9e au besoin par une IRM cardiaque pour les suspicions de myocardites.<\/li>\n<li>Digestives, ORL et dermatologiques.<\/li>\n<\/ul>\n<p style=\"text-align: justify;\"><u>La radiographie standard<\/u> : Par sa faible sensibilit\u00e9 et sa faible sp\u00e9cificit\u00e9, la radiographie thoracique n\u2019a aucune place dans le diagnostic pr\u00e9coce. Elle sera r\u00e9alis\u00e9e chez les patients de r\u00e9animation non transportables ou pour la recherche d\u2019autres diagnostics diff\u00e9rentiels (pneumothorax, \u0153d\u00e8me pulmonaire ou pneumonie)<\/p>\n<p style=\"text-align: justify;\"><u>L\u2019\u00e9chographie thoracique<\/u> : Il s\u2019agit d\u2019un examen op\u00e9rateur d\u00e9pendant, n\u00e9cessitant une courbe d\u2019apprentissage non n\u00e9gligeable et surtout un contact prolong\u00e9 avec le patient ce qui augmente le risque de contamination pour l\u2019op\u00e9rateur. Sa pratique doit \u00eatre limit\u00e9e aux unit\u00e9s de soins intensifs et de r\u00e9animation pour les patients non transportables \u00e0 la recherche des complications de ventilation (pneumothorax) et l\u2019\u00e9valuation des \u00e9panchements pleuraux.<\/p>\n<p style=\"text-align: justify;\"><strong>R\u00e9f\u00e9rences\u00a0:<\/strong><\/p>\n<ul>\n<li style=\"text-align: justify;\"><em>Bitterman R., Eliakim-Raz N., Vinograd I., Zalmanovici Trestioreanu A., Leibovici L., et al.\u00a0<\/em><\/li>\n<li style=\"text-align: justify;\"><em>https:\/\/<\/em><em>srlf.org\/wp-content\/uploads\/2020\/03\/Recommandations-dexperts-COVID-19-<\/em><em> 10-Mars-2020.pdf<\/em><\/li>\n<li style=\"text-align: justify;\"><em>Geoffrey D. Rubin, and all, The Role of Chest Imaging in Patient Management during the COVID-19 Pandemic: A Multinational Consensus Statement from the Fleischner Society, Radiology, In press<\/em><\/li>\n<li style=\"text-align: justify;\"><em>Zheng Y-Y, Ma Y-T, Zhang J-Y, Xie X. COVID-19 and the cardiovascular system. Nature Reviews Cardiology 2020.<\/em><\/li>\n<\/ul>\n<\/div><\/div><\/div><\/div><\/div><div class=\"w-tabs-section\" id=\"g09c\"><button class=\"w-tabs-section-header\" aria-controls=\"content-g09c\" aria-expanded=\"false\"><div class=\"w-tabs-section-title\">B. Quelles sont les anomalies retrouv\u00e9es au scanner thoracique au cours de l\u2019infection par le Covid19 ? Sont-elles sp\u00e9cifiques ?<\/div><div class=\"w-tabs-section-control\"><\/div><\/button><div  class=\"w-tabs-section-content us_custom_71d3e3d1\" id=\"content-g09c\"><div class=\"w-tabs-section-content-h i-cf\"><div class=\"wpb_text_column\"><div class=\"wpb_wrapper\"><p style=\"text-align: justify;\">Le scanner peut-\u00eatre normal \u00e0 la phase pr\u00e9coce, durant les 3 premiers jours.<\/p>\n<p style=\"text-align: justify;\">R\u00e9alis\u00e9 sans injection de produit de contraste en acquisition spiral\u00e9e, le scanner thoracique permet de redresser le diagnostic chez 33% des patients avec RT-PCR n\u00e9gative.<\/p>\n<p style=\"text-align: justify;\">Les l\u00e9sions le plus fr\u00e9quemment retrouv\u00e9es, dites \u00ab <strong>Compatibles COVID <\/strong>\u00bb sont (Figure 1):<\/p>\n<ul style=\"text-align: justify;\">\n<li>L\u00e9sions en verre d\u00e9poli en plages, bilat\u00e9rales pr\u00e9sentant une r\u00e9partition p\u00e9riph\u00e9rique et plut\u00f4t basale (Fig. 1a)<\/li>\n<li>Aspect d\u2019\u00e9paississement en \u00ab pav\u00e9 \u00bb ou Crazy paving (Fig. 1b),<\/li>\n<li>Plages de condensations (Fig. 1c, 1e, 1f), aspect de halo invers\u00e9<\/li>\n<li>Lignes sous pleurales<\/li>\n<\/ul>\n<p style=\"text-align: justify;\">Certains signes sont inhabituels, dits \u00ab <strong>pas compatibles COVID \u00bb<\/strong>:<\/p>\n<ul style=\"text-align: justify;\">\n<li>\u00c9panchement pleural (1d), secr\u00e9tions endobronchiques<\/li>\n<li>Micronodules centro-lobulaire,<\/li>\n<li>Excavations, Condensation syst\u00e9matis\u00e9e<\/li>\n<li>Ad\u00e9nopathies m\u00e9diastinales<\/li>\n<\/ul>\n<p style=\"text-align: justify;\">Afin de donner une orientation concernant le degr\u00e9 de suspicion Covid19, le m\u00e9decin radiologue doit utiliser un lexique CORADS : Covid Raw data system, tel que d\u00e9taill\u00e9 dans le tableau ci-dessous (tableau 1).<\/p>\n<p style=\"text-align: centre;\"><img loading=\"lazy\" decoding=\"async\" class=\"aligncenter size-full wp-image-159\" src=\"https:\/\/onetech.dev\/covid\/data\/tab-1.png\" alt=\"\" width=\"616\" height=\"350\" \/><br \/>\nD\u00e8s que le diagnostic est \u00e9voqu\u00e9, il convient d\u2019<strong>estimer l\u2019\u00e9tendue l\u00e9sionnelle dans un but pronostic et \u00e9volutif<\/strong>. L\u2019\u00e9volution des l\u00e9sions peut se faire vers la r\u00e9gression spontan\u00e9e avec nettoyage radiologique ou vers l\u2019extension des l\u00e9sions vers un SDRA avec poumon blanc.<\/p>\n<p style=\"text-align: justify;\">On d\u00e9finit 4 degr\u00e9s en fonction de l\u2019\u00e9tendue des l\u00e9sions parenchymateuses Covid compatibles, (Fig. 2) :<\/p>\n<ul style=\"text-align: justify;\">\n<li>Absent &#8211; minime : &lt;10% du parenchyme pulmonaire (Fig. 2a)<\/li>\n<li>Mod\u00e9r\u00e9 : 10-25% du parenchyme pulmonaire (Fig. 2b)<\/li>\n<li>\u00c9tendu : 25-50% du parenchyme pulmonaire<\/li>\n<li>S\u00e9v\u00e8re : &gt;50% du parenchyme pulmonaire (Fig. 2c)<\/li>\n<li>Critique : &gt;75% du parenchyme pulmonaire<\/li>\n<\/ul>\n<p style=\"text-align: justify;\">Parall\u00e8lement, on distingue au cours de <strong>l\u2019\u00e9volution de l\u2019atteinte pulmonaire<\/strong>, 4 stades scanographiques (Fig. 3):<\/p>\n<ol style=\"text-align: justify;\">\n<li>Stade pr\u00e9coce (jusqu\u2019aux 4 premiers jours) : opacit\u00e9s en verre d\u00e9poli<\/li>\n<li>Stade interm\u00e9diaire (5-8j) : extension des plages de verre d\u00e9poli, confluence, organisation de condensations et apparition d\u2019opacit\u00e9s lin\u00e9aires<\/li>\n<li>Stade tardif (8-13j) : diminution des plages en verre d\u00e9poli au profit des condensations et des opacit\u00e9s lin\u00e9aires<\/li>\n<li>Stade tardif (au-del\u00e0 de 14j) : r\u00e9gression progressive des anomalies<\/li>\n<\/ol>\n<p style=\"text-align: justify;\">Certains articles ont soulign\u00e9 l\u2019int\u00e9r\u00eat de l\u2019intelligence artificielle, gr\u00e2ce au deep learning, dans l\u2019\u00e9tablissement du diagnostic et du suivi des l\u00e9sions parenchymateuses pulmonaires au cours du Covid19 (Fig. 4)<\/p>\n<p style=\"text-align: justify;\"><strong>R\u00e9f\u00e9rences\u00a0:<\/strong><\/p>\n<ul>\n<li style=\"text-align: justify;\"><em>Xie X, Zhong Z, Zhao W, Zheng C, Wang F, Liu J. Chest CT for Typical 2019-nCoV Pneumonia: Relationship to Negative RT-PCR Testing. <\/em><em> 2020 Feb 12:200343.<\/em><\/li>\n<li style=\"text-align: justify;\"><em>Adam Bernheim et al Chest CT Findings in Coronavirus Disease-19 (COVID-19): Relationship to Duration of Infection.. <\/em><em>RSNA Radiology ; mis en linge le 02 f\u00e9vrier 2020 ;<\/em><\/li>\n<li style=\"text-align: justify;\"><em>Tao Ai et al; Correlation of Chest CT and RT-PCR Testing in Coronavirus Disease 2019 (COVID-19) in China: A Report of 1014 Cases.. <\/em><em> Feb 26 2020https:\/\/doi.org\/10.1148\/radiol.2020200642<\/em><\/li>\n<li style=\"text-align: justify;\"><em>Yuhui Wang et al Temporal Changes of CT Findings in 90 Patients with COVID-19 Pneumonia: AA Longitudinal Study. <\/em><em>Radiology In press<\/em><\/li>\n<li style=\"text-align: justify;\"><em>Mining Xia and all; Serial Quantitative Chest CT Assessment of COVID-19: Deep-Learning Approach, Cardiothoracic Imaging, Radiology, In press<\/em><\/li>\n<li style=\"text-align: justify;\"><em>Compte rendu type du scanner thoracique pour suspicion d\u2019une pneumopathie virale \u00e0 COVID-19:soci\u00e9t\u00e9 Marocaine de Radiologie Interventionnelle (SMRI). 2020<\/em><\/li>\n<\/ul>\n<\/div><\/div><\/div><\/div><\/div><div class=\"w-tabs-section\" id=\"a447\"><button class=\"w-tabs-section-header\" aria-controls=\"content-a447\" aria-expanded=\"false\"><div class=\"w-tabs-section-title\">C. Y a-t-il des particularit\u00e9s l\u00e9sionnelles du Covid19 chez les patients canc\u00e9reux ?<\/div><div class=\"w-tabs-section-control\"><\/div><\/button><div  class=\"w-tabs-section-content us_custom_71d3e3d1\" id=\"content-a447\"><div class=\"w-tabs-section-content-h i-cf\"><div class=\"wpb_text_column\"><div class=\"wpb_wrapper\"><p style=\"text-align: justify;\">Dans une r\u00e9cente analyse des donn\u00e9es chinoises, Il a \u00e9t\u00e9 constat\u00e9 que les patients atteints de cancer pr\u00e9sentaient un risque plus \u00e9lev\u00e9 de COVID-19 que la population g\u00e9n\u00e9rale et que les formes observ\u00e9es \u00e9taient statistiquement plus s\u00e9v\u00e8res, ce qui devrait nous inciter \u00e0 accorder une attention plus soutenue aux patients atteints de cancer.<\/p>\n<p style=\"text-align: justify;\">En effet, en cette p\u00e9riode de pand\u00e9mie et de fortes restrictions de d\u00e9placements des patients, il est fortement recommand\u00e9 de <strong>favoriser l\u2019information et la communication avec les patients <\/strong>\u00e0 travers les nouvelles technologies de l\u2019information dans le cadre de la <strong>T\u00e9l\u00e9m\u00e9decine<\/strong>.<\/p>\n<p style=\"text-align: justify;\">Quant \u00e0 la s\u00e9miologie l\u00e9sionnelle observ\u00e9e au cours des infections au Covid19 chez les patients canc\u00e9reux, elle ne pr\u00e9sente aucune sp\u00e9cificit\u00e9 et demeure superposable \u00e0 celle observ\u00e9e chez la population g\u00e9n\u00e9rale.<\/p>\n<p style=\"text-align: justify;\">Toutefois, la relative fr\u00e9quence de remaniements parenchymateux pulmonaires chez les patients canc\u00e9reux devrait inciter les radiologues \u00e0 plus d\u2019attention dans l\u2019analyse s\u00e9miologique des l\u00e9sions parenchymateuses observ\u00e9es chez ces patients.<\/p>\n<p style=\"text-align: justify;\">En effet, elles peuvent porter \u00e0 confusion avec les l\u00e9sions observ\u00e9es au cours du Covid19 et particuli\u00e8rement les l\u00e9sions de fibrose et de distorsion parenchymateuse.<\/p>\n<ul style=\"text-align: justify;\">\n<li><strong>Les pneumopathies interstitielles aigu\u00ebs ou subaigu\u00ebs<\/strong>, observ\u00e9es avec les chimioth\u00e9rapies, les inhibiteurs des points de contr\u00f4le de l\u2019immunit\u00e9 (nivolumab\u2026), les anticorps monoclonaux (rituximab, le trastuzumab), et les inhibiteurs\u00a0de la voie de signalisation mTOR.<\/li>\n<li>Leur symptomatologie respiratoire est non sp\u00e9cifique\u00a0; faite de dyspn\u00e9e, toux et parfois fi\u00e8vre.<\/li>\n<li>Le scanner retrouve plusieurs formes radiologiques: Pneumopathie organis\u00e9e, pneumopathie d&rsquo;hypersensibilit\u00e9, pneumopathie interstitielle non sp\u00e9cifique ou mixtes (Fig. 5,6).<\/li>\n<li><strong>Les pneumopathies radiques<\/strong>, apparaissant g\u00e9n\u00e9ralement trois semaines \u00e0 six mois apr\u00e8s la fin de l\u2019irradiation sous forme de l\u00e9sions tr\u00e8s focalis\u00e9es aux champs d\u2019irradiation.<\/li>\n<li>Il est \u00e9galement d\u00e9crit les pneumonies radiques de rappel (radiation recall pneumonitis), survenant habituellement en territoire irradi\u00e9, d\u00e9clench\u00e9es par l\u2019administration ult\u00e9rieure d\u2019une chimioth\u00e9rapie.<\/li>\n<\/ul>\n<p style=\"text-align: justify;\"><strong>R\u00e9f\u00e9rences<\/strong><\/p>\n<ul style=\"text-align: justify;\">\n<li><em>Zhang L, Zhu F, Xie L, Wang C, Wang J, Chen R, Jia P, Guan HQ, Peng L, Chen Y, Peng P, Zhang P, Chu Q, Shen Q, Wang Y, Xu SY, Zhao JP, Zhou M, Clinical characteristics of COVID-19-infected cancer patients: A retrospective case study in three hospitals within Wuhan, China, Annals of Oncology (2020), doi: https:\/\/doi.org\/10.1016\/j.annonc.2020.03.296.<\/em><\/li>\n<li><em>Harold Litt and all, Radiological Society of North America Expert Consensus Statement on Reporting; Chest CT Findings Related to COVID-19. Endorsed by the Society of Thoracic, Radiology, the American College of Radiology, and RSNA, Cardiothoracic Imaging, Radiology, In press<\/em><\/li>\n<li><em>Toxicit\u00e9 pulmonaire des m\u00e9dicaments : ce que le r\u00e9animateur doit conna\u00eetre ? Drug-Induced Lung Toxicities: What the Intensivist Should Know?<br \/>\n<\/em><em>Parrot \u00b7 A. Gibelin \u00b7 T. Issoufaly \u00b7 G. Voiriot \u00b7 M. Djibr\u00e9 \u00b7 J.M. Naccache \u00b7 J. Cadranel \u00b7 M. Fartoukh; M\u00e9d. Intensive R\u00e9a (2018) 27:45-56; DOI 10.3166\/rea-2018-0012<\/em><\/li>\n<\/ul>\n<ul>\n<li style=\"text-align: justify;\"><em>Naidoo, JCO 2016; Hwang, JAMA Oncol2017; Antonia, NEJM 2017<\/em><\/li>\n<li style=\"text-align: justify;\"><em>Naidoo, JCO 2016;\u00a0 Delaunay ERJ 2017<\/em><\/li>\n<li style=\"text-align: justify;\"><em>B. Ghaye, M. Wanet et M. El Hajjam ; Imagerie apr\u00e8s radioth\u00e9rapie des tumeurs thoraciques, Journal de radiologie diagnostic et interventionnelle (2016) 97, 461-477<\/em><\/li>\n<\/ul>\n<\/div><\/div><\/div><\/div><\/div><div class=\"w-tabs-section\" id=\"g928\"><button class=\"w-tabs-section-header\" aria-controls=\"content-g928\" aria-expanded=\"false\"><div class=\"w-tabs-section-title\">D. Imagerie au temps du confinement<\/div><div class=\"w-tabs-section-control\"><\/div><\/button><div  class=\"w-tabs-section-content\" id=\"content-g928\"><div class=\"w-tabs-section-content-h i-cf\"><div class=\"wpb_text_column\"><div class=\"wpb_wrapper\"><p style=\"text-align: justify;\">Le maintien ou le report des examens d\u2019imagerie \u00e0 vis\u00e9e diagnostique ou dans le cadre de l\u2019\u00e9valuation, doit \u00eatre consid\u00e9r\u00e9 en tenant compte de leur importance et de leur impact dans la strat\u00e9gie th\u00e9rapeutique et ce en parfaite concertation avec les m\u00e9decins traitants et des recommandations des diff\u00e9rentes soci\u00e9t\u00e9s savantes.<\/p>\n<p style=\"text-align: justify;\">L\u2019enjeu serait de proposer des attitudes concert\u00e9es et surtout uniformis\u00e9es aux patients atteints de cancer en tenant compte des contraintes \u00e9pid\u00e9miologiques et sanitaires locales li\u00e9es \u00e0 l\u2019organisation des soins en p\u00e9riode de pand\u00e9mie.<\/p>\n<p style=\"text-align: justify;\">La r\u00e9alisation d\u2019acte de radiologie interventionnelle et d\u2019imagerie dans le cadre des urgences th\u00e9rapeutiques, ne saurait \u00eatre report\u00e9 et doit faire l\u2019objet d\u2019une RCP. L\u2019\u00e9quipe de radiologie doit pour sa part veiller \u00e0 assurer la s\u00e9curit\u00e9 du circuit patient et \u00e0 respecter les conditions de pratique des actes d\u2019imagerie et de radiologie interventionnelle.<\/p>\n<p style=\"text-align: justify;\">Il est bien \u00e9vident que les programmes de d\u00e9pistage organis\u00e9s devraient \u00eatre suspendus pendant cette p\u00e9riode.<\/p>\n<p style=\"text-align: justify;\"><strong>R\u00e9f\u00e9rences\u00a0:<\/strong><\/p>\n<ul>\n<li style=\"text-align: justify;\"><em>Mejean A, Roupre et M, Rozet F, Bensalah K, Murez T, Game X, Rebillard X, Mallet R, Faix A, Mongiat-Artus P, Fournier G, Neuzillet Y, Recommandations CCAFU sur la prise en charge des cancers de l\u2019appareil urog\u00e9nital en p\u00e9riode d\u2019\u00e9pid\u00e9mie au Coronavirus COVID-19, Progr\u00e8s en Urologie (2020), doi: https:\/\/doi.org\/10.1016\/j.purol.2020.03.009<\/em><\/li>\n<li style=\"text-align: justify;\"><em>Recommandations pour la prise en charge chirurgicale des cancers gyn\u00e9cologiques en p\u00e9riode de pand\u00e9mie COVID-19, Groupe FRANCOGYN pour le CNGOF, (23 mars 2020)<\/em><\/li>\n<li style=\"text-align: left;\"><em>COVID-19 and breast cancer population : French guidelines for clinical practice of Nice-St Paul de Vence, in collaboration with the Coll\u00e8ge Nationale des Gyn\u00e9cologues et Obst\u00e9triciens Fran\u00e7ais (CNGOF), the Soci\u00e9t\u00e9 d&rsquo;Imagerie de la Femme (SIFEM), the Soci\u00e9t\u00e9 Fran\u00e7aise de Chirurgie Oncologique (SFCO), the Soci\u00e9t\u00e9 Fran\u00e7aise de S\u00e9nologie et Pathologie Mammaire (SFSPM) and the French Breast Cancer Intergroup-UNICANCER (UCBG), Joseph Gligorov, Institut Universitaire de Canc\u00e9rologie AP-HP. Sorbonne Universit\u00e9, Paris, France. https:\/doi.org\/ 10.1016\/j.bulcan.2020.03.008<\/em><\/li>\n<li style=\"text-align: justify;\"><em>Denys A, et al. Interventional oncology at the time of COVID-19 pandemic: Problems and solutions.Diagnostic and Interventional Imaging (2020), <\/em><em>https:\/\/doi.org\/10.1016\/j.diii.2020.04.005ARTICLE IN PRESSG ModelDIII-1306<\/em><\/li>\n<\/ul>\n<\/div><\/div><div class=\"wpb_text_column\"><div class=\"wpb_wrapper\"><p><img loading=\"lazy\" decoding=\"async\" class=\"aligncenter size-full wp-image-164\" src=\"https:\/\/onetech.dev\/covid\/data\/fig-1.png\" alt=\"\" width=\"395\" height=\"619\" \/><\/p>\n<p><img loading=\"lazy\" decoding=\"async\" class=\"aligncenter size-full wp-image-165\" src=\"https:\/\/onetech.dev\/covid\/data\/fig-2.png\" alt=\"\" width=\"448\" height=\"350\" \/><\/p>\n<p><img loading=\"lazy\" decoding=\"async\" class=\"aligncenter size-full wp-image-166\" src=\"https:\/\/onetech.dev\/covid\/data\/fig-3.png\" alt=\"\" width=\"337\" height=\"532\" \/><\/p>\n<p><img loading=\"lazy\" decoding=\"async\" class=\"aligncenter size-full wp-image-167\" src=\"https:\/\/onetech.dev\/covid\/data\/fig-4.png\" alt=\"\" width=\"587\" height=\"445\" \/><\/p>\n<p><img loading=\"lazy\" decoding=\"async\" class=\"aligncenter size-full wp-image-168\" src=\"https:\/\/onetech.dev\/covid\/data\/fig-5.png\" alt=\"\" width=\"614\" height=\"408\" \/><\/p>\n<p><img loading=\"lazy\" decoding=\"async\" class=\"aligncenter size-full wp-image-169\" src=\"https:\/\/onetech.dev\/covid\/data\/fig-6.png\" alt=\"\" width=\"836\" height=\"456\" \/><\/p>\n<\/div><\/div><\/div><\/div><\/div><\/div><\/div><\/div><\/div><\/div><div class=\"ult-spacer spacer-69f410149b00b\" data-id=\"69f410149b00b\" data-height=\"35\" data-height-mobile=\"35\" data-height-tab=\"35\" data-height-tab-portrait=\"\" data-height-mobile-landscape=\"\" style=\"clear:both;display:block;\"><\/div><div class=\"g-cols wpb_row us_custom_60e9caca us_animate_this via_grid cols_1 laptops-cols_inherit tablets-cols_inherit mobiles-cols_1 valign_top type_default stacking_default\" style=\"--columns-gap:3rem;\"><div class=\"wpb_column vc_column_container\"><div class=\"vc_column-inner\"><div class=\"w-text us_custom_7ccf62ca has_text_color\"><span class=\"w-text-h\"><span class=\"w-text-value\">PARTENAIRES<\/span><\/span><\/div><\/div><\/div><\/div><div class=\"w-image align_center\"><div class=\"w-image-h\"><img decoding=\"async\" width=\"1300\" height=\"231\" src=\"https:\/\/onetech.dev\/covid\/data\/partenaire.png\" class=\"attachment-full size-full\" alt=\"\" loading=\"lazy\" srcset=\"https:\/\/onetech.dev\/covid\/data\/partenaire.png 1300w, https:\/\/onetech.dev\/covid\/data\/partenaire-300x53.png 300w, https:\/\/onetech.dev\/covid\/data\/partenaire-1024x182.png 1024w, https:\/\/onetech.dev\/covid\/data\/partenaire-150x27.png 150w\" sizes=\"auto, (max-width: 1300px) 100vw, 1300px\" \/><\/div><\/div><\/div><\/div><\/div><\/div><\/section>\n","protected":false},"excerpt":{"rendered":"RECOMMANDATIONS G\u00c9N\u00c9RALES Radiologie RetourA. Quelle technique d\u2019imagerie est la plus adapt\u00e9e pour le bilan des infections par le Covid19 ? Le scanner Le scanner constitue l\u2019examen de choix. En effet, compte tenu de la forte pr\u00e9valence de la symptomatologie respiratoire au cours des infections par le Covid19, et gr\u00e2ce \u00e0 sa bonne valeur pr\u00e9dictive positive...","protected":false},"author":1,"featured_media":0,"parent":0,"menu_order":0,"comment_status":"closed","ping_status":"closed","template":"","meta":{"footnotes":""},"class_list":["post-104","page","type-page","status-publish","hentry"],"_links":{"self":[{"href":"https:\/\/onetech.dev\/covid\/wp-json\/wp\/v2\/pages\/104","targetHints":{"allow":["GET"]}}],"collection":[{"href":"https:\/\/onetech.dev\/covid\/wp-json\/wp\/v2\/pages"}],"about":[{"href":"https:\/\/onetech.dev\/covid\/wp-json\/wp\/v2\/types\/page"}],"author":[{"embeddable":true,"href":"https:\/\/onetech.dev\/covid\/wp-json\/wp\/v2\/users\/1"}],"replies":[{"embeddable":true,"href":"https:\/\/onetech.dev\/covid\/wp-json\/wp\/v2\/comments?post=104"}],"version-history":[{"count":7,"href":"https:\/\/onetech.dev\/covid\/wp-json\/wp\/v2\/pages\/104\/revisions"}],"predecessor-version":[{"id":118,"href":"https:\/\/onetech.dev\/covid\/wp-json\/wp\/v2\/pages\/104\/revisions\/118"}],"wp:attachment":[{"href":"https:\/\/onetech.dev\/covid\/wp-json\/wp\/v2\/media?parent=104"}],"curies":[{"name":"wp","href":"https:\/\/api.w.org\/{rel}","templated":true}]}}