{"id":1237,"date":"2026-04-23T10:21:34","date_gmt":"2026-04-23T09:21:34","guid":{"rendered":"https:\/\/onetech.dev\/irc\/?page_id=1237"},"modified":"2026-04-23T10:21:47","modified_gmt":"2026-04-23T09:21:47","slug":"aap-7","status":"publish","type":"page","link":"https:\/\/onetech.dev\/irc\/recherche\/appels-a-projets\/aap-2016\/aap-7","title":{"rendered":"Ressentis des difficult\u00e9s d\u2019acc\u00e8s aux soins des personnes atteintes du cancer et ramedistes"},"content":{"rendered":"<section class=\"l-section wpb_row height_medium\"><div class=\"l-section-h i-cf\"><div class=\"g-cols vc_row via_grid cols_1 laptops-cols_inherit tablets-cols_inherit mobiles-cols_1 valign_top type_default stacking_default\"><div class=\"wpb_column vc_column_container\"><div class=\"vc_column-inner\"><div class=\"g-cols wpb_row via_grid cols_1-3 laptops-cols_inherit tablets-cols_inherit mobiles-cols_1 valign_top type_default stacking_default\" style=\"--columns-gap:3rem;\"><div class=\"wpb_column vc_column_container\"><div class=\"vc_column-inner\"><div class=\"wpb_text_column\"><div class=\"wpb_wrapper\"><p><span style=\"color: #1c75bc;\"><strong>Date de d\u00e9but :<\/strong><\/span><br \/>\n##\/##\/####<\/p>\n<p><span style=\"color: #1c75bc;\"><strong>Date de cl\u00f4ture :<\/strong><\/span><br \/>\n##\/##\/####<\/p>\n<p><strong><span style=\"color: #1c75bc;\">Site(s) de l\u2019\u00e9tude :<\/span><\/strong><br \/>\n######<\/p>\n<p><strong><span style=\"color: #1c75bc;\">Financement :<\/span><\/strong><br \/>\n######<\/p>\n<p><span style=\"color: #1c75bc;\"><strong>T\u00e9l\u00e9chargement<\/strong><\/span><br \/>\n<a href=\"https:\/\/onetech.dev\/irc\/data\/PROJECT-12.docx\" target=\"_blank\" rel=\"noopener noreferrer\">Fichier<\/a><\/p>\n<\/div><\/div><\/div><\/div><div class=\"wpb_column vc_column_container\"><div class=\"vc_column-inner\"><div class=\"wpb_text_column\"><div class=\"wpb_wrapper\"><p style=\"text-align: justify;\"><strong>Ressentis des difficult\u00e9s d\u2019acc\u00e8s aux soins des personnes atteintes du cancer et ramedistes \u2013 REDDAC<\/strong><\/p>\n<p style=\"text-align: justify;\">Nous proposons de d\u00e9crire et d\u2019analyser les difficult\u00e9s d\u2019acc\u00e8s aux soins des patients ramedistes atteints d\u2019un cancer, en consid\u00e9rant ces difficult\u00e9s dans la perspective des malades et des aidants. Nous soutenons que, pour rendre compte de ces dysfonctionnements et leur apporter une solution pratique, il faut les examiner depuis le ressenti des patients, parce ce ressenti fait partie de la structure objective de la situation. Il en d\u00e9coule la n\u00e9cessit\u00e9 de conduire l\u2019enqu\u00eate sur les difficult\u00e9s d\u2019acc\u00e8s \u00e0 partir des itin\u00e9raires th\u00e9rapeutiques des malades et non depuis le fonctionnement des institutions de soins.<\/p>\n<p style=\"text-align: justify;\">Les situations d\u00e9crites ressortissent, pour l\u2019essentiel, d\u2019in\u00e9galit\u00e9s cumul\u00e9es, notamment territoriales. Apr\u00e8s avoir reconstitu\u00e9 les itin\u00e9raires th\u00e9rapeutiques des patients et en incorporant le ressenti, nous proposerons des solutions destin\u00e9es \u00e0 les am\u00e9liorer. Ces solutions seront test\u00e9es \u00e0 partir d\u2019une simulation multi-agents. L\u2019enqu\u00eate sera conduite \u00e0 F\u00e8s et dans des communes rurales relevant du CHU de F\u00e8s.<\/p>\n<p><strong>Principal lnvestigator \/ program Director<\/strong><\/p>\n<p>FERRIE Jean Noel<br \/>\n###<\/p>\n<p><strong>Collaborators<br \/>\n<\/strong>###<\/p>\n<\/div><\/div><\/div><\/div><\/div><\/div><\/div><\/div><\/div><\/section>\n","protected":false},"excerpt":{"rendered":"Date de d\u00e9but : ##\/##\/#### Date de cl\u00f4ture : ##\/##\/#### Site(s) de l\u2019\u00e9tude : ###### Financement : ###### T\u00e9l\u00e9chargement Fichier Ressentis des difficult\u00e9s d\u2019acc\u00e8s aux soins des personnes atteintes du cancer et ramedistes \u2013 REDDAC Nous proposons de d\u00e9crire et d\u2019analyser les difficult\u00e9s d\u2019acc\u00e8s aux soins des patients ramedistes atteints d\u2019un cancer, en consid\u00e9rant ces...","protected":false},"author":1,"featured_media":0,"parent":1154,"menu_order":0,"comment_status":"closed","ping_status":"closed","template":"","meta":{"_acf_changed":false,"footnotes":""},"class_list":["post-1237","page","type-page","status-publish","hentry"],"acf":[],"lang":"fr","translations":{"fr":1237},"pll_sync_post":[],"_links":{"self":[{"href":"https:\/\/onetech.dev\/irc\/wp-json\/wp\/v2\/pages\/1237","targetHints":{"allow":["GET"]}}],"collection":[{"href":"https:\/\/onetech.dev\/irc\/wp-json\/wp\/v2\/pages"}],"about":[{"href":"https:\/\/onetech.dev\/irc\/wp-json\/wp\/v2\/types\/page"}],"author":[{"embeddable":true,"href":"https:\/\/onetech.dev\/irc\/wp-json\/wp\/v2\/users\/1"}],"replies":[{"embeddable":true,"href":"https:\/\/onetech.dev\/irc\/wp-json\/wp\/v2\/comments?post=1237"}],"version-history":[{"count":2,"href":"https:\/\/onetech.dev\/irc\/wp-json\/wp\/v2\/pages\/1237\/revisions"}],"predecessor-version":[{"id":1239,"href":"https:\/\/onetech.dev\/irc\/wp-json\/wp\/v2\/pages\/1237\/revisions\/1239"}],"up":[{"embeddable":true,"href":"https:\/\/onetech.dev\/irc\/wp-json\/wp\/v2\/pages\/1154"}],"wp:attachment":[{"href":"https:\/\/onetech.dev\/irc\/wp-json\/wp\/v2\/media?parent=1237"}],"curies":[{"name":"wp","href":"https:\/\/api.w.org\/{rel}","templated":true}]}}