{"id":583,"date":"2026-04-09T19:23:32","date_gmt":"2026-04-09T18:23:32","guid":{"rendered":"https:\/\/onetech.dev\/irc\/?page_id=583"},"modified":"2026-04-09T20:11:39","modified_gmt":"2026-04-09T19:11:39","slug":"registre-hospitalier","status":"publish","type":"page","link":"https:\/\/onetech.dev\/irc\/registres-des-cancers\/registre-hospitalier","title":{"rendered":"Registre Hospitalier"},"content":{"rendered":"<section class=\"l-section wpb_row height_auto\"><div class=\"l-section-h i-cf\"><div class=\"g-cols vc_row via_grid cols_1 laptops-cols_inherit tablets-cols_inherit mobiles-cols_1 valign_top type_default stacking_default\"><div class=\"wpb_column vc_column_container\"><div class=\"vc_column-inner\"><div class=\"ult-spacer spacer-69f4028183fe3\" data-id=\"69f4028183fe3\" data-height=\"25\" data-height-mobile=\"25\" data-height-tab=\"25\" data-height-tab-portrait=\"\" data-height-mobile-landscape=\"\" style=\"clear:both;display:block;\"><\/div><div id=\"uvc-type-wrap-4371\"  data-ultimate-target='#uvc-type-wrap-4371'  data-responsive-json-new='{\"font-size\":\"desktop:26px;\",\"line-height\":\"\"}'  class=\"uvc-type-wrap  ult-adjust-bottom-margin ult-responsive  uvc-type-align-center  uvc-wrap-156823689269f402818400d\" style=\"text-align:center;\"><span  data-ultimate-target='#uvc-type-wrap-4371 .mycustfancy'  data-responsive-json-new='{\"font-size\":\"desktop:26px;\",\"line-height\":\"\"}'  class=\"ultimate-typewriter-prefix mycustfancy ult-responsive\" style=\"font-weight:bold;color:#1B76BC; text-transform: unset;\">Registres des<\/span><span id=\"typed-156823689269f402818400d\" class=\"ultimate-typed-main fancytext-typewriter-background-enabled\" style=\"color:#1B76BC;background:#00000000; font-weight:bold; text-transform: unset;\"><\/span><script type=\"text\/javascript\">\n\t\t\t\t\t\tjQuery(function($){ \n\t\t\t\t\t\t\t$(document).ready(function(){\n\t\t\t\t\t\t\t\tif( typeof jQuery(\"#typed-156823689269f402818400d\").typed == \"function\"){\n\t\t\t\t\t\t\t\t\t$(\"#typed-156823689269f402818400d\").typed({\n\t\t\t\t\t\t\t\t\t\tstrings: [\"Cancers\"],\n\t\t\t\t\t\t\t\t\t\ttypeSpeed: 35,\n\t\t\t\t\t\t\t\t\t\tbackSpeed: 0,\n\t\t\t\t\t\t\t\t\t\tstartDelay: \"200\",\n\t\t\t\t\t\t\t\t\t\tbackDelay: \"1500\",\n\t\t\t\t\t\t\t\t\t\tloop: true,\n\t\t\t\t\t\t\t\t\t\tloopCount: false,\n\t\t\t\t\t\t\t\t\t\tshowCursor: true,\n\t\t\t\t\t\t\t\t\t\tcursorChar: \"|\",\n\t\t\t\t\t\t\t\t\t\tattr: null\n\t\t\t\t\t\t\t\t\t});\n\t\t\t\t\t\t\t\t}\n\t\t\t\t\t\t\t});\n\t\t\t\t\t\t});\n\t\t\t\t\t<\/script><\/div><div class=\"ult-spacer spacer-69f402818438f\" data-id=\"69f402818438f\" data-height=\"10\" data-height-mobile=\"10\" data-height-tab=\"10\" data-height-tab-portrait=\"\" data-height-mobile-landscape=\"\" style=\"clear:both;display:block;\"><\/div><\/div><\/div><\/div><\/div><\/section><section class=\"l-section wpb_row height_auto width_custom\" style=\"--site-content-width:1200px;\"><div class=\"l-section-h i-cf\"><div class=\"g-cols vc_row via_grid cols_1 laptops-cols_inherit tablets-cols_inherit mobiles-cols_1 valign_top type_default stacking_default\"><div class=\"wpb_column vc_column_container us_custom_60e9caca us_animate_this\"><div class=\"vc_column-inner\"><div class=\"g-cols wpb_row via_grid cols_3-1 laptops-cols_inherit tablets-cols_inherit mobiles-cols_1 valign_top type_default stacking_default\" style=\"--columns-gap:3rem;\"><div class=\"wpb_column vc_column_container us_custom_7e20fa79 us_animate_this\"><div class=\"vc_column-inner\"><div class=\"w-text us_custom_11277739 has_text_color\"><span class=\"w-text-h\"><span class=\"w-text-value\">Registre Hospitalier des Cancers du CHU Hassan II de F\u00e8s<\/span><\/span><\/div><div class=\"ult-spacer spacer-69f4028185140\" data-id=\"69f4028185140\" data-height=\"30\" data-height-mobile=\"30\" data-height-tab=\"30\" data-height-tab-portrait=\"\" data-height-mobile-landscape=\"\" style=\"clear:both;display:block;\"><\/div><div class=\"wpb_text_column\"><div class=\"wpb_wrapper\"><p style=\"text-align: justify;\">La strat\u00e9gie de lutte contre le cancer poursuivie par le CHU Hassan II de F\u00e8s vise \u00e0 r\u00e9pondre aux besoins de sant\u00e9 d\u2019une population de plus quatre millions d\u2019habitants au niveau de la r\u00e9gion F\u00e8s-Mekn\u00e8s.<\/p>\n<p style=\"text-align: justify;\">Conform\u00e9ment au Plan National de Lutte contre le Cancer et gr\u00e2ce \u00e0 l\u2019engagement et \u00e0 la volont\u00e9 de la Direction du CHU Hassan II, apr\u00e8s l\u2019inauguration du nouveau H\u00f4pital d\u2019Oncologie en 2012, les enseignants chercheurs et les clinicien ont d\u00e9cid\u00e9 de mettre en place un registre hospitalier des cancers au CHU Hassan II (RHCF). La mise en place de ce registre permettra de r\u00e9pondre \u00e0 un besoin de la surveillance \u00e9pid\u00e9miologique des cancers, de mieux conna\u00eetre le profil \u00e9pid\u00e9miologique du cancer au niveau du bassin d\u2019attraction du CHU de F\u00e8s ainsi que la contribution \u00e0 la planification et \u00e0 la fixation de priorit\u00e9s dans la lutte anticanc\u00e9reuse au niveau de la r\u00e9gion.<\/p>\n<p style=\"text-align: justify;\">Les activit\u00e9s du registre sont assur\u00e9es par une \u00e9quipe op\u00e9rationnelle permanente plus les enseignants chercheurs qui assurent l\u2019appui scientifique.<\/p>\n<p style=\"text-align: justify;\">Le RHCF collecte les donn\u00e9es cliniques et d\u00e9mographiques sur les nouveaux cas diagnostiqu\u00e9s et\/ou trait\u00e9s au niveau des services cliniques et m\u00e9dicaux-techniques du CHU Hassan II de F\u00e8s. Cette collecte des donn\u00e9es est r\u00e9alis\u00e9e en deux \u00e9tapes principales. La premi\u00e8re \u00e9tape est l\u2019extraction des donn\u00e9es de cancers \u00e0 partir du syst\u00e8me d\u2019information HOSIX qui est aliment\u00e9 en permanence et en temps r\u00e9el par les m\u00e9decins des diff\u00e9rents services hospitaliers. La deuxi\u00e8me \u00e9tape est la v\u00e9rification et l\u2019inclusion des cas de cancer en se basant sur la confirmation du diagnostic, la date du diagnostic et la date de la premi\u00e8re prise en charge au CHU Hassan II.<br \/>\nLe service Recherche et d\u00e9veloppement en collaboration avec le service informatique et les enseignants chercheurs assure la gestion du RHCF. L\u2019ensemble de ces efforts et du d\u00e9vouement ont permis \u00e0 l\u2019\u00e9quipe du registre de donner un premier rapport qui pr\u00e9sente les donn\u00e9es des cancers diagnostiqu\u00e9s et\/ou trait\u00e9s au CHU Hassan II de F\u00e8s pour l\u2019ann\u00e9e 2017.<\/p>\n<\/div><\/div><\/div><\/div><div class=\"wpb_column vc_column_container us_custom_47474b22 us_animate_this\"><div class=\"vc_column-inner\"><div class=\"w-image align_center\"><div class=\"w-image-h\"><img decoding=\"async\" width=\"500\" height=\"714\" src=\"https:\/\/onetech.dev\/irc\/data\/Page-de-garde-RHCF-2.jpg\" class=\"attachment-full size-full\" alt=\"\" loading=\"lazy\" srcset=\"https:\/\/onetech.dev\/irc\/data\/Page-de-garde-RHCF-2.jpg 500w, https:\/\/onetech.dev\/irc\/data\/Page-de-garde-RHCF-2-245x350.jpg 245w, https:\/\/onetech.dev\/irc\/data\/Page-de-garde-RHCF-2-105x150.jpg 105w\" sizes=\"auto, (max-width: 500px) 100vw, 500px\" \/><\/div><\/div><\/div><\/div><\/div><div class=\"ult-spacer spacer-69f4028185ab7\" data-id=\"69f4028185ab7\" data-height=\"30\" data-height-mobile=\"30\" data-height-tab=\"30\" data-height-tab-portrait=\"\" data-height-mobile-landscape=\"\" style=\"clear:both;display:block;\"><\/div><div class=\"g-cols wpb_row via_grid cols_4 laptops-cols_inherit tablets-cols_inherit mobiles-cols_1 valign_top type_default stacking_default\" style=\"--columns-gap:3rem;\"><div class=\"wpb_column vc_column_container us_custom_7e20fa79 us_animate_this\"><div class=\"vc_column-inner\"><div class=\"w-image align_center\"><a target=\"_blank\" href=\"https:\/\/www.encr.eu\/\" aria-label=\"graph-1\" class=\"w-image-h\"><img decoding=\"async\" width=\"220\" height=\"150\" src=\"https:\/\/onetech.dev\/irc\/data\/graph-1.jpg\" class=\"attachment-full size-full\" alt=\"\" loading=\"lazy\" srcset=\"https:\/\/onetech.dev\/irc\/data\/graph-1.jpg 220w, https:\/\/onetech.dev\/irc\/data\/graph-1-150x102.jpg 150w\" sizes=\"auto, (max-width: 220px) 100vw, 220px\" \/><\/a><\/div><div class=\"w-text us_custom_1fec7020 has_text_color\"><span class=\"w-text-h\"><span class=\"w-text-value\">Graphique en Secteurs<\/span><\/span><\/div><div class=\"ult-spacer spacer-69f40281862e6\" data-id=\"69f40281862e6\" data-height=\"10\" data-height-mobile=\"10\" data-height-tab=\"10\" data-height-tab-portrait=\"\" data-height-mobile-landscape=\"\" style=\"clear:both;display:block;\"><\/div><div class=\"wpb_text_column\"><div class=\"wpb_wrapper\"><p style=\"text-align: justify;\">Proportion d\u2019un type de cancer selon l\u2019ensemble des cas. <a href=\"https:\/\/app.powerbi.com\/view?r=eyJrIjoiMjc2ZjAzOWEtMjM1OC00NzdkLTliNzktYWM2OTM0ZjIxYjMwIiwidCI6IjE4ZmZiZjNhLWNjNGUtNDE3MS1iYjA3LWJlMTcyYjE3ODQxNyIsImMiOjh9\" target=\"_blank\" rel=\"noopener\">Visualiser<\/a><\/p>\n<p style=\"text-align: justify;\">R\u00e9partition d\u2019un type de cancer selon le sexe. <a href=\"https:\/\/app.powerbi.com\/view?r=eyJrIjoiNjc4Y2IwMzctYjJiOC00OTEzLTg5OTItYjY2Y2ZmODM4YTUzIiwidCI6IjE4ZmZiZjNhLWNjNGUtNDE3MS1iYjA3LWJlMTcyYjE3ODQxNyIsImMiOjh9\" target=\"_blank\" rel=\"noopener\">Visualiser<\/a><\/p>\n<\/div><\/div><\/div><\/div><div class=\"wpb_column vc_column_container us_custom_8f2ba1f4 us_animate_this\"><div class=\"vc_column-inner\"><div class=\"w-image align_center\"><a target=\"_blank\" href=\"https:\/\/gicr.iarc.fr\/\" aria-label=\"graph\" class=\"w-image-h\"><img decoding=\"async\" width=\"220\" height=\"150\" src=\"https:\/\/onetech.dev\/irc\/data\/graph.jpg\" class=\"attachment-full size-full\" alt=\"\" loading=\"lazy\" srcset=\"https:\/\/onetech.dev\/irc\/data\/graph.jpg 220w, https:\/\/onetech.dev\/irc\/data\/graph-150x102.jpg 150w\" sizes=\"auto, (max-width: 220px) 100vw, 220px\" \/><\/a><\/div><div class=\"w-text us_custom_1fec7020 has_text_color\"><span class=\"w-text-h\"><span class=\"w-text-value\">Graphique en Courbe<\/span><\/span><\/div><div class=\"ult-spacer spacer-69f4028187c74\" data-id=\"69f4028187c74\" data-height=\"10\" data-height-mobile=\"10\" data-height-tab=\"10\" data-height-tab-portrait=\"\" data-height-mobile-landscape=\"\" style=\"clear:both;display:block;\"><\/div><div class=\"wpb_text_column\"><div class=\"wpb_wrapper\"><p style=\"text-align: justify;\">L\u2019\u00e9volution des cas de cancer par classe d\u2019\u00e2ge. <a href=\"https:\/\/app.powerbi.com\/view?r=eyJrIjoiOTIxMDdiN2YtMmNkYi00ODJjLTlhMWQtNGM4OTUyODg1YjIxIiwidCI6IjE4ZmZiZjNhLWNjNGUtNDE3MS1iYjA3LWJlMTcyYjE3ODQxNyIsImMiOjh9\" target=\"_blank\" rel=\"noopener\">Visualiser<\/a><\/p>\n<\/div><\/div><\/div><\/div><div class=\"wpb_column vc_column_container us_custom_8f2ba1f4 us_animate_this\"><div class=\"vc_column-inner\"><div class=\"w-image align_center\"><a target=\"_blank\" href=\"http:\/\/www.iacr.com.fr\/\" aria-label=\"graph-3\" class=\"w-image-h\"><img decoding=\"async\" width=\"220\" height=\"150\" src=\"https:\/\/onetech.dev\/irc\/data\/graph-3.jpg\" class=\"attachment-full size-full\" alt=\"\" loading=\"lazy\" srcset=\"https:\/\/onetech.dev\/irc\/data\/graph-3.jpg 220w, https:\/\/onetech.dev\/irc\/data\/graph-3-150x102.jpg 150w\" sizes=\"auto, (max-width: 220px) 100vw, 220px\" \/><\/a><\/div><div class=\"w-text us_custom_1fec7020 has_text_color\"><span class=\"w-text-h\"><span class=\"w-text-value\">Graphique en Barres<\/span><\/span><\/div><div class=\"ult-spacer spacer-69f40281885ad\" data-id=\"69f40281885ad\" data-height=\"10\" data-height-mobile=\"10\" data-height-tab=\"10\" data-height-tab-portrait=\"\" data-height-mobile-landscape=\"\" style=\"clear:both;display:block;\"><\/div><div class=\"wpb_text_column\"><div class=\"wpb_wrapper\"><p style=\"text-align: justify;\">R\u00e9partition du nombre de cas d\u2019un type de cancer par sexe et classe d\u2019\u00e2ge. <a href=\"https:\/\/app.powerbi.com\/view?r=eyJrIjoiNTk0YWUxMWUtMmI4Mi00MmI3LWIxMzYtMGQwZTNjZWEyY2Y5IiwidCI6IjE4ZmZiZjNhLWNjNGUtNDE3MS1iYjA3LWJlMTcyYjE3ODQxNyIsImMiOjh9\" target=\"_blank\" rel=\"noopener\">Visualiser<\/a><\/p>\n<p style=\"text-align: justify;\">Les localisations les plus fr\u00e9quentes chez les deux sexes par classe d\u2019\u00e2ge. <a href=\"https:\/\/app.powerbi.com\/view?r=eyJrIjoiMGFmNDE3MjQtYzYyMy00NmFjLTllNGEtZTc5OGNhZTY0ODJlIiwidCI6IjE4ZmZiZjNhLWNjNGUtNDE3MS1iYjA3LWJlMTcyYjE3ODQxNyIsImMiOjh9\" target=\"_blank\" rel=\"noopener\">Visualiser<\/a><\/p>\n<\/div><\/div><\/div><\/div><div class=\"wpb_column vc_column_container us_custom_47474b22 us_animate_this\"><div class=\"vc_column-inner\"><div class=\"w-image align_center\"><a target=\"_blank\" href=\"https:\/\/www.naaccr.org\/\" aria-label=\"graph-4\" class=\"w-image-h\"><img decoding=\"async\" width=\"220\" height=\"150\" src=\"https:\/\/onetech.dev\/irc\/data\/graph-4.jpg\" class=\"attachment-full size-full\" alt=\"\" loading=\"lazy\" srcset=\"https:\/\/onetech.dev\/irc\/data\/graph-4.jpg 220w, https:\/\/onetech.dev\/irc\/data\/graph-4-150x102.jpg 150w\" sizes=\"auto, (max-width: 220px) 100vw, 220px\" \/><\/a><\/div><div class=\"w-text us_custom_1fec7020 has_text_color\"><span class=\"w-text-h\"><span class=\"w-text-value\">Tableau des Donn\u00e9es<\/span><\/span><\/div><div class=\"ult-spacer spacer-69f4028188f09\" data-id=\"69f4028188f09\" data-height=\"10\" data-height-mobile=\"10\" data-height-tab=\"10\" data-height-tab-portrait=\"\" data-height-mobile-landscape=\"\" style=\"clear:both;display:block;\"><\/div><div class=\"wpb_text_column\"><div class=\"wpb_wrapper\"><p style=\"text-align: justify;\">Taux sp\u00e9cifiques d\u2019un type de cancer par classe d\u2019\u00e2ge. <a href=\"https:\/\/app.powerbi.com\/view?r=eyJrIjoiZDJkYTQ3NTYtODllMC00YWNmLWIzNmQtYThhYTZiMDllZDM2IiwidCI6IjE4ZmZiZjNhLWNjNGUtNDE3MS1iYjA3LWJlMTcyYjE3ODQxNyIsImMiOjh9\" target=\"_blank\" rel=\"noopener\">Visualiser<\/a><\/p>\n<\/div><\/div><\/div><\/div><\/div><div class=\"ult-spacer spacer-69f4028189106\" data-id=\"69f4028189106\" data-height=\"30\" data-height-mobile=\"30\" data-height-tab=\"30\" data-height-tab-portrait=\"\" data-height-mobile-landscape=\"\" style=\"clear:both;display:block;\"><\/div><div class=\"g-cols wpb_row via_grid cols_2-1 laptops-cols_inherit tablets-cols_inherit mobiles-cols_1 valign_top type_default stacking_default\" style=\"--columns-gap:3rem;\"><div class=\"wpb_column vc_column_container us_custom_7e20fa79 us_animate_this\"><div class=\"vc_column-inner\"><div class=\"w-text us_custom_ab9cf480 has_text_color\"><span class=\"w-text-h\"><span class=\"w-text-value\">PORTAIL R\u00c9ALIS\u00c9 EN COLLABORATION AVEC<\/span><\/span><\/div><div class=\"ult-spacer spacer-69f4028189634\" data-id=\"69f4028189634\" data-height=\"20\" data-height-mobile=\"20\" data-height-tab=\"20\" data-height-tab-portrait=\"\" data-height-mobile-landscape=\"\" style=\"clear:both;display:block;\"><\/div><div class=\"wpb_text_column\"><div class=\"wpb_wrapper\"><ul>\n<li>Professeur <strong>AIT TALEB Khalid<\/strong><\/li>\n<li>Professeur <strong>HASSOUNI Khalid<\/strong><\/li>\n<\/ul>\n<p>Equipe du Service de la Recherche et du D\u00e9veloppement :<\/p>\n<ul>\n<li>Dr. <strong>El MARNISSI Boujemaa<\/strong><\/li>\n<li>Dr. <strong>ABBASS Fouad<\/strong><\/li>\n<li>Dr. <strong>CHARAKA Hafida<\/strong><\/li>\n<\/ul>\n<p>Equipe du Service de l\u2019Informatique et des Statistiques :<\/p>\n<ul>\n<li>Mr. <strong>OULAIKA Abdelfattah<\/strong><\/li>\n<li>Mr. <strong>BOUZAKRI Mohamed<\/strong><\/li>\n<li>Mr. <strong>MAKHLOUK Mounir<\/strong><\/li>\n<\/ul>\n<\/div><\/div><\/div><\/div><div class=\"wpb_column vc_column_container us_custom_47474b22 us_animate_this\"><div class=\"vc_column-inner\"><div class=\"w-image align_center\"><div class=\"w-image-h\"><img decoding=\"async\" width=\"300\" height=\"150\" src=\"https:\/\/onetech.dev\/irc\/data\/chu.jpg\" class=\"attachment-full size-full\" alt=\"\" loading=\"lazy\" srcset=\"https:\/\/onetech.dev\/irc\/data\/chu.jpg 300w, https:\/\/onetech.dev\/irc\/data\/chu-150x75.jpg 150w\" sizes=\"auto, (max-width: 300px) 100vw, 300px\" \/><\/div><\/div><\/div><\/div><\/div><\/div><\/div><\/div><\/div><\/section><section class=\"l-section wpb_row height_small\"><div class=\"l-section-h i-cf\"><div class=\"g-cols vc_row via_grid cols_1 laptops-cols_inherit tablets-cols_inherit mobiles-cols_1 valign_top type_default stacking_default\"><div class=\"wpb_column vc_column_container\"><div class=\"vc_column-inner\"><\/div><\/div><\/div><\/div><\/section>\n","protected":false},"excerpt":{"rendered":"Registres desRegistre Hospitalier des Cancers du CHU Hassan II de F\u00e8sLa strat\u00e9gie de lutte contre le cancer poursuivie par le CHU Hassan II de F\u00e8s vise \u00e0 r\u00e9pondre aux besoins de sant\u00e9 d\u2019une population de plus quatre millions d\u2019habitants au niveau de la r\u00e9gion F\u00e8s-Mekn\u00e8s. Conform\u00e9ment au Plan National de Lutte contre le Cancer et...","protected":false},"author":1,"featured_media":0,"parent":546,"menu_order":0,"comment_status":"closed","ping_status":"closed","template":"","meta":{"_acf_changed":false,"footnotes":""},"class_list":["post-583","page","type-page","status-publish","hentry"],"acf":[],"lang":"fr","translations":{"fr":583},"pll_sync_post":[],"_links":{"self":[{"href":"https:\/\/onetech.dev\/irc\/wp-json\/wp\/v2\/pages\/583","targetHints":{"allow":["GET"]}}],"collection":[{"href":"https:\/\/onetech.dev\/irc\/wp-json\/wp\/v2\/pages"}],"about":[{"href":"https:\/\/onetech.dev\/irc\/wp-json\/wp\/v2\/types\/page"}],"author":[{"embeddable":true,"href":"https:\/\/onetech.dev\/irc\/wp-json\/wp\/v2\/users\/1"}],"replies":[{"embeddable":true,"href":"https:\/\/onetech.dev\/irc\/wp-json\/wp\/v2\/comments?post=583"}],"version-history":[{"count":7,"href":"https:\/\/onetech.dev\/irc\/wp-json\/wp\/v2\/pages\/583\/revisions"}],"predecessor-version":[{"id":596,"href":"https:\/\/onetech.dev\/irc\/wp-json\/wp\/v2\/pages\/583\/revisions\/596"}],"up":[{"embeddable":true,"href":"https:\/\/onetech.dev\/irc\/wp-json\/wp\/v2\/pages\/546"}],"wp:attachment":[{"href":"https:\/\/onetech.dev\/irc\/wp-json\/wp\/v2\/media?parent=583"}],"curies":[{"name":"wp","href":"https:\/\/api.w.org\/{rel}","templated":true}]}}