{"id":815,"date":"2026-04-13T10:59:22","date_gmt":"2026-04-13T09:59:22","guid":{"rendered":"https:\/\/onetech.dev\/irc\/?page_id=815"},"modified":"2026-04-13T10:59:22","modified_gmt":"2026-04-13T09:59:22","slug":"evenements","status":"publish","type":"page","link":"https:\/\/onetech.dev\/irc\/evenements","title":{"rendered":"\u00c9v\u00e9nements"},"content":{"rendered":"<section class=\"l-section wpb_row height_auto\"><div class=\"l-section-h i-cf\"><div class=\"g-cols vc_row via_grid cols_1 laptops-cols_inherit tablets-cols_inherit mobiles-cols_1 valign_top type_default stacking_default\"><div class=\"wpb_column vc_column_container\"><div class=\"vc_column-inner\"><div class=\"ult-spacer spacer-69f3fdd62a539\" data-id=\"69f3fdd62a539\" data-height=\"25\" data-height-mobile=\"25\" data-height-tab=\"25\" data-height-tab-portrait=\"\" data-height-mobile-landscape=\"\" style=\"clear:both;display:block;\"><\/div><div id=\"uvc-type-wrap-5272\"  data-ultimate-target='#uvc-type-wrap-5272'  data-responsive-json-new='{\"font-size\":\"desktop:26px;\",\"line-height\":\"\"}'  class=\"uvc-type-wrap  ult-adjust-bottom-margin ult-responsive  uvc-type-align-center  uvc-wrap-147314417669f3fdd62a562\" style=\"text-align:center;\"><span  data-ultimate-target='#uvc-type-wrap-5272 .mycustfancy'  data-responsive-json-new='{\"font-size\":\"desktop:26px;\",\"line-height\":\"\"}'  class=\"ultimate-typewriter-prefix mycustfancy ult-responsive\" style=\"font-weight:bold;color:#1B76BC; text-transform: unset;\">Nos<\/span><span id=\"typed-147314417669f3fdd62a562\" class=\"ultimate-typed-main fancytext-typewriter-background-enabled\" style=\"color:#1B76BC;background:#00000000; font-weight:bold; text-transform: unset;\"><\/span><script type=\"text\/javascript\">\n\t\t\t\t\t\tjQuery(function($){ \n\t\t\t\t\t\t\t$(document).ready(function(){\n\t\t\t\t\t\t\t\tif( typeof jQuery(\"#typed-147314417669f3fdd62a562\").typed == \"function\"){\n\t\t\t\t\t\t\t\t\t$(\"#typed-147314417669f3fdd62a562\").typed({\n\t\t\t\t\t\t\t\t\t\tstrings: [\"\u00c9v\u00e9nements\"],\n\t\t\t\t\t\t\t\t\t\ttypeSpeed: 35,\n\t\t\t\t\t\t\t\t\t\tbackSpeed: 0,\n\t\t\t\t\t\t\t\t\t\tstartDelay: \"200\",\n\t\t\t\t\t\t\t\t\t\tbackDelay: \"1500\",\n\t\t\t\t\t\t\t\t\t\tloop: true,\n\t\t\t\t\t\t\t\t\t\tloopCount: false,\n\t\t\t\t\t\t\t\t\t\tshowCursor: true,\n\t\t\t\t\t\t\t\t\t\tcursorChar: \"|\",\n\t\t\t\t\t\t\t\t\t\tattr: null\n\t\t\t\t\t\t\t\t\t});\n\t\t\t\t\t\t\t\t}\n\t\t\t\t\t\t\t});\n\t\t\t\t\t\t});\n\t\t\t\t\t<\/script><\/div><div class=\"ult-spacer spacer-69f3fdd62a72e\" data-id=\"69f3fdd62a72e\" data-height=\"10\" data-height-mobile=\"10\" data-height-tab=\"10\" data-height-tab-portrait=\"\" data-height-mobile-landscape=\"\" style=\"clear:both;display:block;\"><\/div><div class=\"w-grid us_post_list us_custom_60e9caca us_animate_this type_grid layout_619 cols_4 preload_style_spinner\" id=\"us_post_list_v351\" style=\"--columns:4;--gap:1.5rem;\"><style>@media (max-width:1024px){#us_post_list_v351{--columns:2!important}}@media (max-width:600px){#us_post_list_v351{--columns:1!important}}.layout_619 .w-grid-item-h{background:#ffffff;color:#333333;box-shadow:0 0rem 0rem rgba(0,0,0,0.1),0 0rem 0rem rgba(0,0,0,0.1);transition-duration:0.3s}.no-touch .layout_619 .w-grid-item-h:hover{box-shadow:0 0.1rem 0.2rem rgba(0,0,0,0.1),0 0.33rem 1rem rgba(0,0,0,0.15);z-index:4}.layout_619 .usg_vwrapper_1{margin-left:5px!important;margin-right:5px!important}<\/style><div class=\"w-grid-list\">\t<article class=\"w-grid-item size_1x1 post-627 us_portfolio type-us_portfolio status-publish has-post-thumbnail hentry\" data-id=\"627\">\r\n\t\t<div class=\"w-grid-item-h\">\r\n\t\t\t\t\t\t<div class=\"w-vwrapper usg_vwrapper_1 align_center valign_top\" style=\"--vwrapper-gap:0.8rem\"><div class=\"w-post-elm post_image usg_post_image_1 stretched\"><a href=\"https:\/\/onetech.dev\/irc\/event\/iarc60-international-scientific-conference-cancer-research-into-action\" aria-label=\"IARC@60 International Scientific Conference: Cancer Research into Action\"><img loading=\"lazy\" decoding=\"async\" width=\"671\" height=\"900\" src=\"https:\/\/onetech.dev\/irc\/data\/IARC@60.png\" class=\"attachment-full size-full wp-post-image\" alt=\"\" srcset=\"https:\/\/onetech.dev\/irc\/data\/IARC@60.png 671w, https:\/\/onetech.dev\/irc\/data\/IARC@60-261x350.png 261w, https:\/\/onetech.dev\/irc\/data\/IARC@60-112x150.png 112w\" sizes=\"auto, (max-width: 671px) 100vw, 671px\" \/><\/a><\/div><div class=\"w-post-elm post_custom_field usg_post_custom_field_1 type_text date color_link_inherit\"><i class=\"fas fa-calendar-alt\"><\/i><span class=\"w-post-elm-value\">19 mai 2026<\/span><\/div><\/div>\t\t<\/div>\r\n\t\t\t<\/article>\r\n\t<article class=\"w-grid-item size_1x1 post-640 us_portfolio type-us_portfolio status-publish has-post-thumbnail hentry\" data-id=\"640\">\r\n\t\t<div class=\"w-grid-item-h\">\r\n\t\t\t\t\t\t<div class=\"w-vwrapper usg_vwrapper_1 align_center valign_top\" style=\"--vwrapper-gap:0.8rem\"><div class=\"w-post-elm post_image usg_post_image_1 stretched\"><a href=\"https:\/\/onetech.dev\/irc\/event\/1er-congres-international-en-oncologie-et-soins-palliatifs-innovation-pratique-et-formation\" aria-label=\"1er congr\u00e8s international en oncologie et soins palliatifs : innovation, pratique et formation\"><img loading=\"lazy\" decoding=\"async\" width=\"671\" height=\"900\" src=\"https:\/\/onetech.dev\/irc\/data\/1764094125869.png\" class=\"attachment-full size-full wp-post-image\" alt=\"\" srcset=\"https:\/\/onetech.dev\/irc\/data\/1764094125869.png 671w, https:\/\/onetech.dev\/irc\/data\/1764094125869-261x350.png 261w, https:\/\/onetech.dev\/irc\/data\/1764094125869-112x150.png 112w\" sizes=\"auto, (max-width: 671px) 100vw, 671px\" \/><\/a><\/div><div class=\"w-post-elm post_custom_field usg_post_custom_field_1 type_text date color_link_inherit\"><i class=\"fas fa-calendar-alt\"><\/i><span class=\"w-post-elm-value\">16 d\u00e9cembre 2025<\/span><\/div><\/div>\t\t<\/div>\r\n\t\t\t<\/article>\r\n\t<article class=\"w-grid-item size_1x1 post-603 us_portfolio type-us_portfolio status-publish has-post-thumbnail hentry\" data-id=\"603\">\r\n\t\t<div class=\"w-grid-item-h\">\r\n\t\t\t\t\t\t<div class=\"w-vwrapper usg_vwrapper_1 align_center valign_top\" style=\"--vwrapper-gap:0.8rem\"><div class=\"w-post-elm post_image usg_post_image_1 stretched\"><a href=\"https:\/\/onetech.dev\/irc\/event\/3eme-cours-francophone-international-sur-depidemiologie-et-de-prevention-des-cancers\" aria-label=\"3\u00e8me Cours Francophone International sur d\u2019\u00c9pid\u00e9miologie et de Pr\u00e9vention des Cancers\"><img loading=\"lazy\" decoding=\"async\" width=\"671\" height=\"900\" src=\"https:\/\/onetech.dev\/irc\/data\/programme-irc-2025.png\" class=\"attachment-full size-full wp-post-image\" alt=\"\" srcset=\"https:\/\/onetech.dev\/irc\/data\/programme-irc-2025.png 671w, https:\/\/onetech.dev\/irc\/data\/programme-irc-2025-261x350.png 261w, https:\/\/onetech.dev\/irc\/data\/programme-irc-2025-112x150.png 112w\" sizes=\"auto, (max-width: 671px) 100vw, 671px\" \/><\/a><\/div><div class=\"w-post-elm post_custom_field usg_post_custom_field_1 type_text date color_link_inherit\"><i class=\"fas fa-calendar-alt\"><\/i><span class=\"w-post-elm-value\">12 d\u00e9cembre 2025<\/span><\/div><\/div>\t\t<\/div>\r\n\t\t\t<\/article>\r\n\t<article class=\"w-grid-item size_1x1 post-647 us_portfolio type-us_portfolio status-publish has-post-thumbnail hentry\" data-id=\"647\">\r\n\t\t<div class=\"w-grid-item-h\">\r\n\t\t\t\t\t\t<div class=\"w-vwrapper usg_vwrapper_1 align_center valign_top\" style=\"--vwrapper-gap:0.8rem\"><div class=\"w-post-elm post_image usg_post_image_1 stretched\"><a href=\"https:\/\/onetech.dev\/irc\/event\/10eme-carrefour-doncologie-thoracique\" aria-label=\"10\u00e8me Carrefour d\u2019Oncologie Thoracique\"><img loading=\"lazy\" decoding=\"async\" width=\"671\" height=\"900\" src=\"https:\/\/onetech.dev\/irc\/data\/1764094125870.png\" class=\"attachment-full size-full wp-post-image\" alt=\"\" srcset=\"https:\/\/onetech.dev\/irc\/data\/1764094125870.png 671w, https:\/\/onetech.dev\/irc\/data\/1764094125870-261x350.png 261w, https:\/\/onetech.dev\/irc\/data\/1764094125870-112x150.png 112w\" sizes=\"auto, (max-width: 671px) 100vw, 671px\" \/><\/a><\/div><div class=\"w-post-elm post_custom_field usg_post_custom_field_1 type_text date color_link_inherit\"><i class=\"fas fa-calendar-alt\"><\/i><span class=\"w-post-elm-value\">5 d\u00e9cembre 2025<\/span><\/div><\/div>\t\t<\/div>\r\n\t\t\t<\/article>\r\n\t<article class=\"w-grid-item size_1x1 post-654 us_portfolio type-us_portfolio status-publish has-post-thumbnail hentry\" data-id=\"654\">\r\n\t\t<div class=\"w-grid-item-h\">\r\n\t\t\t\t\t\t<div class=\"w-vwrapper usg_vwrapper_1 align_center valign_top\" style=\"--vwrapper-gap:0.8rem\"><div class=\"w-post-elm post_image usg_post_image_1 stretched\"><a href=\"https:\/\/onetech.dev\/irc\/event\/the-first-moroccan-congress-of-medical-genetics\" aria-label=\"The First Moroccan Congress of Medical Genetics\"><img loading=\"lazy\" decoding=\"async\" width=\"671\" height=\"900\" src=\"https:\/\/onetech.dev\/irc\/data\/1764094125871.png\" class=\"attachment-full size-full wp-post-image\" alt=\"\" srcset=\"https:\/\/onetech.dev\/irc\/data\/1764094125871.png 671w, https:\/\/onetech.dev\/irc\/data\/1764094125871-261x350.png 261w, https:\/\/onetech.dev\/irc\/data\/1764094125871-112x150.png 112w\" sizes=\"auto, (max-width: 671px) 100vw, 671px\" \/><\/a><\/div><div class=\"w-post-elm post_custom_field usg_post_custom_field_1 type_text date color_link_inherit\"><i class=\"fas fa-calendar-alt\"><\/i><span class=\"w-post-elm-value\">13 novembre 2025<\/span><\/div><\/div>\t\t<\/div>\r\n\t\t\t<\/article>\r\n\t<article class=\"w-grid-item size_1x1 post-661 us_portfolio type-us_portfolio status-publish has-post-thumbnail hentry\" data-id=\"661\">\r\n\t\t<div class=\"w-grid-item-h\">\r\n\t\t\t\t\t\t<div class=\"w-vwrapper usg_vwrapper_1 align_center valign_top\" style=\"--vwrapper-gap:0.8rem\"><div class=\"w-post-elm post_image usg_post_image_1 stretched\"><a href=\"https:\/\/onetech.dev\/irc\/event\/avenir-de-loncologie-maitrisez-la-technologie-dnbseq-de-mgi-avec-le-sequenceur-e25-pour-decrypter-brca1-2\" aria-label=\"Avenir de l\u2019Oncologie : Ma\u00eetrisez la Technologie DNBSEQ de MGI avec le S\u00e9quenceur E25 pour D\u00e9crypter BRCA1\/2\"><img loading=\"lazy\" decoding=\"async\" width=\"671\" height=\"900\" src=\"https:\/\/onetech.dev\/irc\/data\/1764094125872.png\" class=\"attachment-full size-full wp-post-image\" alt=\"\" srcset=\"https:\/\/onetech.dev\/irc\/data\/1764094125872.png 671w, https:\/\/onetech.dev\/irc\/data\/1764094125872-261x350.png 261w, https:\/\/onetech.dev\/irc\/data\/1764094125872-112x150.png 112w\" sizes=\"auto, (max-width: 671px) 100vw, 671px\" \/><\/a><\/div><div class=\"w-post-elm post_custom_field usg_post_custom_field_1 type_text date color_link_inherit\"><i class=\"fas fa-calendar-alt\"><\/i><span class=\"w-post-elm-value\">24 juin 2025<\/span><\/div><\/div>\t\t<\/div>\r\n\t\t\t<\/article>\r\n\t<article class=\"w-grid-item size_1x1 post-675 us_portfolio type-us_portfolio status-publish has-post-thumbnail hentry\" data-id=\"675\">\r\n\t\t<div class=\"w-grid-item-h\">\r\n\t\t\t\t\t\t<div class=\"w-vwrapper usg_vwrapper_1 align_center valign_top\" style=\"--vwrapper-gap:0.8rem\"><div class=\"w-post-elm post_image usg_post_image_1 stretched\"><a href=\"https:\/\/onetech.dev\/irc\/event\/the-1st-african-congress-on-digital-pathology\" aria-label=\"The 1st African Congress on Digital Pathology\"><img loading=\"lazy\" decoding=\"async\" width=\"671\" height=\"900\" src=\"https:\/\/onetech.dev\/irc\/data\/1743539909246.png\" class=\"attachment-full size-full wp-post-image\" alt=\"\" srcset=\"https:\/\/onetech.dev\/irc\/data\/1743539909246.png 671w, https:\/\/onetech.dev\/irc\/data\/1743539909246-261x350.png 261w, https:\/\/onetech.dev\/irc\/data\/1743539909246-112x150.png 112w\" sizes=\"auto, (max-width: 671px) 100vw, 671px\" \/><\/a><\/div><div class=\"w-post-elm post_custom_field usg_post_custom_field_1 type_text date color_link_inherit\"><i class=\"fas fa-calendar-alt\"><\/i><span class=\"w-post-elm-value\">18 avril 2025<\/span><\/div><\/div>\t\t<\/div>\r\n\t\t\t<\/article>\r\n\t<article class=\"w-grid-item size_1x1 post-670 us_portfolio type-us_portfolio status-publish has-post-thumbnail hentry\" data-id=\"670\">\r\n\t\t<div class=\"w-grid-item-h\">\r\n\t\t\t\t\t\t<div class=\"w-vwrapper usg_vwrapper_1 align_center valign_top\" style=\"--vwrapper-gap:0.8rem\"><div class=\"w-post-elm post_image usg_post_image_1 stretched\"><a href=\"https:\/\/onetech.dev\/irc\/event\/la-journee-de-printemps\" aria-label=\"La Journ\u00e9e de Printemps\"><img loading=\"lazy\" decoding=\"async\" width=\"671\" height=\"900\" src=\"https:\/\/onetech.dev\/irc\/data\/1744131176088.png\" class=\"attachment-full size-full wp-post-image\" alt=\"\" srcset=\"https:\/\/onetech.dev\/irc\/data\/1744131176088.png 671w, https:\/\/onetech.dev\/irc\/data\/1744131176088-261x350.png 261w, https:\/\/onetech.dev\/irc\/data\/1744131176088-112x150.png 112w\" sizes=\"auto, (max-width: 671px) 100vw, 671px\" \/><\/a><\/div><div class=\"w-post-elm post_custom_field usg_post_custom_field_1 type_text date color_link_inherit\"><i class=\"fas fa-calendar-alt\"><\/i><span class=\"w-post-elm-value\">12 avril 2025<\/span><\/div><\/div>\t\t<\/div>\r\n\t\t\t<\/article>\r\n\t<article class=\"w-grid-item size_1x1 post-697 us_portfolio type-us_portfolio status-publish has-post-thumbnail hentry\" data-id=\"697\">\r\n\t\t<div class=\"w-grid-item-h\">\r\n\t\t\t\t\t\t<div class=\"w-vwrapper usg_vwrapper_1 align_center valign_top\" style=\"--vwrapper-gap:0.8rem\"><div class=\"w-post-elm post_image usg_post_image_1 stretched\"><a href=\"https:\/\/onetech.dev\/irc\/event\/international-congress-on-cancer-research-iccr25\" aria-label=\"International Congress on Cancer Research &#8211; ICCR\u201925\"><img loading=\"lazy\" decoding=\"async\" width=\"671\" height=\"900\" src=\"https:\/\/onetech.dev\/irc\/data\/international-congress-on-cancer-research-iccr25.png\" class=\"attachment-full size-full wp-post-image\" alt=\"\" srcset=\"https:\/\/onetech.dev\/irc\/data\/international-congress-on-cancer-research-iccr25.png 671w, https:\/\/onetech.dev\/irc\/data\/international-congress-on-cancer-research-iccr25-261x350.png 261w, https:\/\/onetech.dev\/irc\/data\/international-congress-on-cancer-research-iccr25-112x150.png 112w\" sizes=\"auto, (max-width: 671px) 100vw, 671px\" \/><\/a><\/div><div class=\"w-post-elm post_custom_field usg_post_custom_field_1 type_text date color_link_inherit\"><i class=\"fas fa-calendar-alt\"><\/i><span class=\"w-post-elm-value\">13 f\u00e9vrier 2025<\/span><\/div><\/div>\t\t<\/div>\r\n\t\t\t<\/article>\r\n\t<article class=\"w-grid-item size_1x1 post-691 us_portfolio type-us_portfolio status-publish has-post-thumbnail hentry\" data-id=\"691\">\r\n\t\t<div class=\"w-grid-item-h\">\r\n\t\t\t\t\t\t<div class=\"w-vwrapper usg_vwrapper_1 align_center valign_top\" style=\"--vwrapper-gap:0.8rem\"><div class=\"w-post-elm post_image usg_post_image_1 stretched\"><a href=\"https:\/\/onetech.dev\/irc\/event\/18emes-journees-donco-urologie-et-auto-evaluation-lexcellence-au-service-des-patients\" aria-label=\"18\u00e8mes Journ\u00e9es d&rsquo;Onco-Urologie et Auto-\u00e9valuation : L&rsquo;excellence au service des patients\"><img loading=\"lazy\" decoding=\"async\" width=\"671\" height=\"900\" src=\"https:\/\/onetech.dev\/irc\/data\/18-jou-amu.png\" class=\"attachment-full size-full wp-post-image\" alt=\"\" srcset=\"https:\/\/onetech.dev\/irc\/data\/18-jou-amu.png 671w, https:\/\/onetech.dev\/irc\/data\/18-jou-amu-261x350.png 261w, https:\/\/onetech.dev\/irc\/data\/18-jou-amu-112x150.png 112w\" sizes=\"auto, (max-width: 671px) 100vw, 671px\" \/><\/a><\/div><div class=\"w-post-elm post_custom_field usg_post_custom_field_1 type_text date color_link_inherit\"><i class=\"fas fa-calendar-alt\"><\/i><span class=\"w-post-elm-value\">6 d\u00e9cembre 2024<\/span><\/div><\/div>\t\t<\/div>\r\n\t\t\t<\/article>\r\n\t<article class=\"w-grid-item size_1x1 post-710 us_portfolio type-us_portfolio status-publish has-post-thumbnail hentry\" data-id=\"710\">\r\n\t\t<div class=\"w-grid-item-h\">\r\n\t\t\t\t\t\t<div class=\"w-vwrapper usg_vwrapper_1 align_center valign_top\" style=\"--vwrapper-gap:0.8rem\"><div class=\"w-post-elm post_image usg_post_image_1 stretched\"><a href=\"https:\/\/onetech.dev\/irc\/event\/oncologie-en-2024-ce-quil-faut-retenir\" aria-label=\"Oncologie en 2024 &#8211; Ce qu\u2019il faut retenir\"><img loading=\"lazy\" decoding=\"async\" width=\"671\" height=\"900\" src=\"https:\/\/onetech.dev\/irc\/data\/1715985224479.png\" class=\"attachment-full size-full wp-post-image\" alt=\"\" srcset=\"https:\/\/onetech.dev\/irc\/data\/1715985224479.png 671w, https:\/\/onetech.dev\/irc\/data\/1715985224479-261x350.png 261w, https:\/\/onetech.dev\/irc\/data\/1715985224479-112x150.png 112w\" sizes=\"auto, (max-width: 671px) 100vw, 671px\" \/><\/a><\/div><div class=\"w-post-elm post_custom_field usg_post_custom_field_1 type_text date color_link_inherit\"><i class=\"fas fa-calendar-alt\"><\/i><span class=\"w-post-elm-value\">1 novembre 2024<\/span><\/div><\/div>\t\t<\/div>\r\n\t\t\t<\/article>\r\n\t<article class=\"w-grid-item size_1x1 post-680 us_portfolio type-us_portfolio status-publish has-post-thumbnail hentry\" data-id=\"680\">\r\n\t\t<div class=\"w-grid-item-h\">\r\n\t\t\t\t\t\t<div class=\"w-vwrapper usg_vwrapper_1 align_center valign_top\" style=\"--vwrapper-gap:0.8rem\"><div class=\"w-post-elm post_image usg_post_image_1 stretched\"><a href=\"https:\/\/onetech.dev\/irc\/event\/2eme-cours-francophone-international-depidemiologie-et-de-prevention-des-cancers\" aria-label=\"2\u00e8me Cours Francophone International d\u2019\u00c9pid\u00e9miologie et de Pr\u00e9vention des Cancers\"><img loading=\"lazy\" decoding=\"async\" width=\"671\" height=\"900\" src=\"https:\/\/onetech.dev\/irc\/data\/Programme-1.png\" class=\"attachment-full size-full wp-post-image\" alt=\"\" srcset=\"https:\/\/onetech.dev\/irc\/data\/Programme-1.png 671w, https:\/\/onetech.dev\/irc\/data\/Programme-1-261x350.png 261w, https:\/\/onetech.dev\/irc\/data\/Programme-1-112x150.png 112w\" sizes=\"auto, (max-width: 671px) 100vw, 671px\" \/><\/a><\/div><div class=\"w-post-elm post_custom_field usg_post_custom_field_1 type_text date color_link_inherit\"><i class=\"fas fa-calendar-alt\"><\/i><span class=\"w-post-elm-value\">15 janvier 2024<\/span><\/div><\/div>\t\t<\/div>\r\n\t\t\t<\/article>\r\n\t<article class=\"w-grid-item size_1x1 post-706 us_portfolio type-us_portfolio status-publish has-post-thumbnail hentry\" data-id=\"706\">\r\n\t\t<div class=\"w-grid-item-h\">\r\n\t\t\t\t\t\t<div class=\"w-vwrapper usg_vwrapper_1 align_center valign_top\" style=\"--vwrapper-gap:0.8rem\"><div class=\"w-post-elm post_image usg_post_image_1 stretched\"><a href=\"https:\/\/onetech.dev\/irc\/event\/2eme-edition-co-days-journees-de-la-clinique-doncologie\" aria-label=\"2\u00e8me \u00c9dition CO Days &#8211; Journ\u00e9es de la Clinique d&rsquo;Oncologie\"><img loading=\"lazy\" decoding=\"async\" width=\"671\" height=\"900\" src=\"https:\/\/onetech.dev\/irc\/data\/1699548650372.png\" class=\"attachment-full size-full wp-post-image\" alt=\"\" srcset=\"https:\/\/onetech.dev\/irc\/data\/1699548650372.png 671w, https:\/\/onetech.dev\/irc\/data\/1699548650372-261x350.png 261w, https:\/\/onetech.dev\/irc\/data\/1699548650372-112x150.png 112w\" sizes=\"auto, (max-width: 671px) 100vw, 671px\" \/><\/a><\/div><div class=\"w-post-elm post_custom_field usg_post_custom_field_1 type_text date color_link_inherit\"><i class=\"fas fa-calendar-alt\"><\/i><span class=\"w-post-elm-value\">10 novembre 2023<\/span><\/div><\/div>\t\t<\/div>\r\n\t\t\t<\/article>\r\n\t<article class=\"w-grid-item size_1x1 post-685 us_portfolio type-us_portfolio status-publish has-post-thumbnail hentry\" data-id=\"685\">\r\n\t\t<div class=\"w-grid-item-h\">\r\n\t\t\t\t\t\t<div class=\"w-vwrapper usg_vwrapper_1 align_center valign_top\" style=\"--vwrapper-gap:0.8rem\"><div class=\"w-post-elm post_image usg_post_image_1 stretched\"><a href=\"https:\/\/onetech.dev\/irc\/event\/les-journees-med-expo-reinventons-la-pharmacie-de-demain\" aria-label=\"Les Journ\u00e9es MED EXPO  : R\u00e9inventons la Pharmacie de demain\"><img loading=\"lazy\" decoding=\"async\" width=\"671\" height=\"900\" src=\"https:\/\/onetech.dev\/irc\/data\/IMG_8558.png\" class=\"attachment-full size-full wp-post-image\" alt=\"\" srcset=\"https:\/\/onetech.dev\/irc\/data\/IMG_8558.png 671w, https:\/\/onetech.dev\/irc\/data\/IMG_8558-261x350.png 261w, https:\/\/onetech.dev\/irc\/data\/IMG_8558-112x150.png 112w\" sizes=\"auto, (max-width: 671px) 100vw, 671px\" \/><\/a><\/div><div class=\"w-post-elm post_custom_field usg_post_custom_field_1 type_text date color_link_inherit\"><i class=\"fas fa-calendar-alt\"><\/i><span class=\"w-post-elm-value\">27 janvier 2023<\/span><\/div><\/div>\t\t<\/div>\r\n\t\t\t<\/article>\r\n\t<article class=\"w-grid-item size_1x1 post-701 us_portfolio type-us_portfolio status-publish has-post-thumbnail hentry\" data-id=\"701\">\r\n\t\t<div class=\"w-grid-item-h\">\r\n\t\t\t\t\t\t<div class=\"w-vwrapper usg_vwrapper_1 align_center valign_top\" style=\"--vwrapper-gap:0.8rem\"><div class=\"w-post-elm post_image usg_post_image_1 stretched\"><a href=\"https:\/\/onetech.dev\/irc\/event\/5eme-edition-du-congres-international-doncologie-genito-urinaire\" aria-label=\"5\u00e8me \u00c9dition du Congr\u00e8s International d&rsquo;Oncologie Genito-Urinaire\"><img loading=\"lazy\" decoding=\"async\" width=\"671\" height=\"900\" src=\"https:\/\/onetech.dev\/irc\/data\/312219804_807304466912040_2256612745246729885_n.png\" class=\"attachment-full size-full wp-post-image\" alt=\"\" srcset=\"https:\/\/onetech.dev\/irc\/data\/312219804_807304466912040_2256612745246729885_n.png 671w, https:\/\/onetech.dev\/irc\/data\/312219804_807304466912040_2256612745246729885_n-261x350.png 261w, https:\/\/onetech.dev\/irc\/data\/312219804_807304466912040_2256612745246729885_n-112x150.png 112w\" sizes=\"auto, (max-width: 671px) 100vw, 671px\" \/><\/a><\/div><div class=\"w-post-elm post_custom_field usg_post_custom_field_1 type_text date color_link_inherit\"><i class=\"fas fa-calendar-alt\"><\/i><span class=\"w-post-elm-value\">21 octobre 2022<\/span><\/div><\/div>\t\t<\/div>\r\n\t\t\t<\/article>\r\n\t<article class=\"w-grid-item size_1x1 post-715 us_portfolio type-us_portfolio status-publish has-post-thumbnail hentry\" data-id=\"715\">\r\n\t\t<div class=\"w-grid-item-h\">\r\n\t\t\t\t\t\t<div class=\"w-vwrapper usg_vwrapper_1 align_center valign_top\" style=\"--vwrapper-gap:0.8rem\"><div class=\"w-post-elm post_image usg_post_image_1 stretched\"><a href=\"https:\/\/onetech.dev\/irc\/event\/les-cancers-du-poumon-au-maroc-en-2022\" aria-label=\"Les Cancers du Poumon au Maroc en 2022\"><img loading=\"lazy\" decoding=\"async\" width=\"671\" height=\"900\" src=\"https:\/\/onetech.dev\/irc\/data\/Les-cancers-du-poumons-au-Maroc-en-2022.png\" class=\"attachment-full size-full wp-post-image\" alt=\"\" srcset=\"https:\/\/onetech.dev\/irc\/data\/Les-cancers-du-poumons-au-Maroc-en-2022.png 671w, https:\/\/onetech.dev\/irc\/data\/Les-cancers-du-poumons-au-Maroc-en-2022-261x350.png 261w, https:\/\/onetech.dev\/irc\/data\/Les-cancers-du-poumons-au-Maroc-en-2022-112x150.png 112w\" sizes=\"auto, (max-width: 671px) 100vw, 671px\" \/><\/a><\/div><div class=\"w-post-elm post_custom_field usg_post_custom_field_1 type_text date color_link_inherit\"><i class=\"fas fa-calendar-alt\"><\/i><span class=\"w-post-elm-value\">5 septembre 2022<\/span><\/div><\/div>\t\t<\/div>\r\n\t\t\t<\/article>\r\n\t<article class=\"w-grid-item size_1x1 post-794 us_portfolio type-us_portfolio status-publish has-post-thumbnail hentry\" data-id=\"794\">\r\n\t\t<div class=\"w-grid-item-h\">\r\n\t\t\t\t\t\t<div class=\"w-vwrapper usg_vwrapper_1 align_center valign_top\" style=\"--vwrapper-gap:0.8rem\"><div class=\"w-post-elm post_image usg_post_image_1 stretched\"><a href=\"https:\/\/onetech.dev\/irc\/event\/congres-international-les-cancers-dans-les-pays-du-sud-a-faible-revenu\" aria-label=\"Congr\u00e8s international \u2013 Les cancers dans les pays du Sud \u00e0 faible revenu\"><img loading=\"lazy\" decoding=\"async\" width=\"671\" height=\"900\" src=\"https:\/\/onetech.dev\/irc\/data\/event-1-21.jpg\" class=\"attachment-full size-full wp-post-image\" alt=\"\" srcset=\"https:\/\/onetech.dev\/irc\/data\/event-1-21.jpg 671w, https:\/\/onetech.dev\/irc\/data\/event-1-21-261x350.jpg 261w, https:\/\/onetech.dev\/irc\/data\/event-1-21-112x150.jpg 112w\" sizes=\"auto, (max-width: 671px) 100vw, 671px\" \/><\/a><\/div><div class=\"w-post-elm post_custom_field usg_post_custom_field_1 type_text date color_link_inherit\"><i class=\"fas fa-calendar-alt\"><\/i><span class=\"w-post-elm-value\">15 novembre 2021<\/span><\/div><\/div>\t\t<\/div>\r\n\t\t\t<\/article>\r\n\t<article class=\"w-grid-item size_1x1 post-724 us_portfolio type-us_portfolio status-publish has-post-thumbnail hentry\" data-id=\"724\">\r\n\t\t<div class=\"w-grid-item-h\">\r\n\t\t\t\t\t\t<div class=\"w-vwrapper usg_vwrapper_1 align_center valign_top\" style=\"--vwrapper-gap:0.8rem\"><div class=\"w-post-elm post_image usg_post_image_1 stretched\"><a href=\"https:\/\/onetech.dev\/irc\/event\/3rd-international-scientific-conference-for-research-and-ethics\" aria-label=\"3rd International Scientific Conference for Research and Ethics\"><img loading=\"lazy\" decoding=\"async\" width=\"671\" height=\"900\" src=\"https:\/\/onetech.dev\/irc\/data\/event-08-21.jpg\" class=\"attachment-full size-full wp-post-image\" alt=\"\" srcset=\"https:\/\/onetech.dev\/irc\/data\/event-08-21.jpg 671w, https:\/\/onetech.dev\/irc\/data\/event-08-21-261x350.jpg 261w, https:\/\/onetech.dev\/irc\/data\/event-08-21-112x150.jpg 112w\" sizes=\"auto, (max-width: 671px) 100vw, 671px\" \/><\/a><\/div><div class=\"w-post-elm post_custom_field usg_post_custom_field_1 type_text date color_link_inherit\"><i class=\"fas fa-calendar-alt\"><\/i><span class=\"w-post-elm-value\">12 novembre 2021<\/span><\/div><\/div>\t\t<\/div>\r\n\t\t\t<\/article>\r\n\t<article class=\"w-grid-item size_1x1 post-720 us_portfolio type-us_portfolio status-publish has-post-thumbnail hentry\" data-id=\"720\">\r\n\t\t<div class=\"w-grid-item-h\">\r\n\t\t\t\t\t\t<div class=\"w-vwrapper usg_vwrapper_1 align_center valign_top\" style=\"--vwrapper-gap:0.8rem\"><div class=\"w-post-elm post_image usg_post_image_1 stretched\"><a href=\"https:\/\/onetech.dev\/irc\/event\/irc-issb-p-advanced-course-on-cancer-biology-and-therapy\" aria-label=\"IRC\/ISSB-P Advanced Course On Cancer Biology And Therapy\"><img loading=\"lazy\" decoding=\"async\" width=\"671\" height=\"900\" src=\"https:\/\/onetech.dev\/irc\/data\/affiche-2.jpg\" class=\"attachment-full size-full wp-post-image\" alt=\"\" srcset=\"https:\/\/onetech.dev\/irc\/data\/affiche-2.jpg 671w, https:\/\/onetech.dev\/irc\/data\/affiche-2-261x350.jpg 261w, https:\/\/onetech.dev\/irc\/data\/affiche-2-112x150.jpg 112w\" sizes=\"auto, (max-width: 671px) 100vw, 671px\" \/><\/a><\/div><div class=\"w-post-elm post_custom_field usg_post_custom_field_1 type_text date color_link_inherit\"><i class=\"fas fa-calendar-alt\"><\/i><span class=\"w-post-elm-value\">20 octobre 2021<\/span><\/div><\/div>\t\t<\/div>\r\n\t\t\t<\/article>\r\n\t<article class=\"w-grid-item size_1x1 post-729 us_portfolio type-us_portfolio status-publish has-post-thumbnail hentry\" data-id=\"729\">\r\n\t\t<div class=\"w-grid-item-h\">\r\n\t\t\t\t\t\t<div class=\"w-vwrapper usg_vwrapper_1 align_center valign_top\" style=\"--vwrapper-gap:0.8rem\"><div class=\"w-post-elm post_image usg_post_image_1 stretched\"><a href=\"https:\/\/onetech.dev\/irc\/event\/convention-de-partenariat-entre-la-cndp-et-lirc\" aria-label=\"Convention de partenariat entre la CNDP et l&rsquo;IRC\"><img loading=\"lazy\" decoding=\"async\" width=\"671\" height=\"900\" src=\"https:\/\/onetech.dev\/irc\/data\/irc-cndp.png\" class=\"attachment-full size-full wp-post-image\" alt=\"\" srcset=\"https:\/\/onetech.dev\/irc\/data\/irc-cndp.png 671w, https:\/\/onetech.dev\/irc\/data\/irc-cndp-261x350.png 261w, https:\/\/onetech.dev\/irc\/data\/irc-cndp-112x150.png 112w\" sizes=\"auto, (max-width: 671px) 100vw, 671px\" \/><\/a><\/div><div class=\"w-post-elm post_custom_field usg_post_custom_field_1 type_text date color_link_inherit\"><i class=\"fas fa-calendar-alt\"><\/i><span class=\"w-post-elm-value\">14 juillet 2021<\/span><\/div><\/div>\t\t<\/div>\r\n\t\t\t<\/article>\r\n\t<article class=\"w-grid-item size_1x1 post-743 us_portfolio type-us_portfolio status-publish has-post-thumbnail hentry\" data-id=\"743\">\r\n\t\t<div class=\"w-grid-item-h\">\r\n\t\t\t\t\t\t<div class=\"w-vwrapper usg_vwrapper_1 align_center valign_top\" style=\"--vwrapper-gap:0.8rem\"><div class=\"w-post-elm post_image usg_post_image_1 stretched\"><a href=\"https:\/\/onetech.dev\/irc\/event\/convention-de-partenariat-entre-irc-et-uemf\" aria-label=\"Convention de partenariat entre IRC et UEMF\"><img loading=\"lazy\" decoding=\"async\" width=\"671\" height=\"900\" src=\"https:\/\/onetech.dev\/irc\/data\/event-07-21.jpg\" class=\"attachment-full size-full wp-post-image\" alt=\"\" srcset=\"https:\/\/onetech.dev\/irc\/data\/event-07-21.jpg 671w, https:\/\/onetech.dev\/irc\/data\/event-07-21-261x350.jpg 261w, https:\/\/onetech.dev\/irc\/data\/event-07-21-112x150.jpg 112w\" sizes=\"auto, (max-width: 671px) 100vw, 671px\" \/><\/a><\/div><div class=\"w-post-elm post_custom_field usg_post_custom_field_1 type_text date color_link_inherit\"><i class=\"fas fa-calendar-alt\"><\/i><span class=\"w-post-elm-value\">13 juillet 2021<\/span><\/div><\/div>\t\t<\/div>\r\n\t\t\t<\/article>\r\n\t<article class=\"w-grid-item size_1x1 post-765 us_portfolio type-us_portfolio status-publish has-post-thumbnail hentry\" data-id=\"765\">\r\n\t\t<div class=\"w-grid-item-h\">\r\n\t\t\t\t\t\t<div class=\"w-vwrapper usg_vwrapper_1 align_center valign_top\" style=\"--vwrapper-gap:0.8rem\"><div class=\"w-post-elm post_image usg_post_image_1 stretched\"><a href=\"https:\/\/onetech.dev\/irc\/event\/immuno-oncology-toxicity-webinar\" aria-label=\"Immuno-Oncology TOXicity webinar\"><img loading=\"lazy\" decoding=\"async\" width=\"671\" height=\"900\" src=\"https:\/\/onetech.dev\/irc\/data\/event-7-21.jpg\" class=\"attachment-full size-full wp-post-image\" alt=\"\" srcset=\"https:\/\/onetech.dev\/irc\/data\/event-7-21.jpg 671w, https:\/\/onetech.dev\/irc\/data\/event-7-21-261x350.jpg 261w, https:\/\/onetech.dev\/irc\/data\/event-7-21-112x150.jpg 112w\" sizes=\"auto, (max-width: 671px) 100vw, 671px\" \/><\/a><\/div><div class=\"w-post-elm post_custom_field usg_post_custom_field_1 type_text date color_link_inherit\"><i class=\"fas fa-calendar-alt\"><\/i><span class=\"w-post-elm-value\">3 juillet 2021<\/span><\/div><\/div>\t\t<\/div>\r\n\t\t\t<\/article>\r\n\t<article class=\"w-grid-item size_1x1 post-759 us_portfolio type-us_portfolio status-publish has-post-thumbnail hentry\" data-id=\"759\">\r\n\t\t<div class=\"w-grid-item-h\">\r\n\t\t\t\t\t\t<div class=\"w-vwrapper usg_vwrapper_1 align_center valign_top\" style=\"--vwrapper-gap:0.8rem\"><div class=\"w-post-elm post_image usg_post_image_1 stretched\"><a href=\"https:\/\/onetech.dev\/irc\/event\/symposium-sante-digitale\" aria-label=\"Symposium Sant\u00e9 Digitale\"><img loading=\"lazy\" decoding=\"async\" width=\"671\" height=\"900\" src=\"https:\/\/onetech.dev\/irc\/data\/event-06-21-1.jpg\" class=\"attachment-full size-full wp-post-image\" alt=\"\" srcset=\"https:\/\/onetech.dev\/irc\/data\/event-06-21-1.jpg 671w, https:\/\/onetech.dev\/irc\/data\/event-06-21-1-261x350.jpg 261w, https:\/\/onetech.dev\/irc\/data\/event-06-21-1-112x150.jpg 112w\" sizes=\"auto, (max-width: 671px) 100vw, 671px\" \/><\/a><\/div><div class=\"w-post-elm post_custom_field usg_post_custom_field_1 type_text date color_link_inherit\"><i class=\"fas fa-calendar-alt\"><\/i><span class=\"w-post-elm-value\">24 juin 2021<\/span><\/div><\/div>\t\t<\/div>\r\n\t\t\t<\/article>\r\n\t<article class=\"w-grid-item size_1x1 post-779 us_portfolio type-us_portfolio status-publish has-post-thumbnail hentry\" data-id=\"779\">\r\n\t\t<div class=\"w-grid-item-h\">\r\n\t\t\t\t\t\t<div class=\"w-vwrapper usg_vwrapper_1 align_center valign_top\" style=\"--vwrapper-gap:0.8rem\"><div class=\"w-post-elm post_image usg_post_image_1 stretched\"><a href=\"https:\/\/onetech.dev\/irc\/event\/colloque-national-sous-le-theme-apport-du-plan-cancer-en-oncologie-thoracique\" aria-label=\"Colloque National Sous Le Th\u00e8me : Apport Du Plan Cancer En Oncologie Thoracique\"><img loading=\"lazy\" decoding=\"async\" width=\"671\" height=\"900\" src=\"https:\/\/onetech.dev\/irc\/data\/event-3-21-1.jpg\" class=\"attachment-full size-full wp-post-image\" alt=\"\" srcset=\"https:\/\/onetech.dev\/irc\/data\/event-3-21-1.jpg 671w, https:\/\/onetech.dev\/irc\/data\/event-3-21-1-261x350.jpg 261w, https:\/\/onetech.dev\/irc\/data\/event-3-21-1-112x150.jpg 112w\" sizes=\"auto, (max-width: 671px) 100vw, 671px\" \/><\/a><\/div><div class=\"w-post-elm post_custom_field usg_post_custom_field_1 type_text date color_link_inherit\"><i class=\"fas fa-calendar-alt\"><\/i><span class=\"w-post-elm-value\">3 avril 2021<\/span><\/div><\/div>\t\t<\/div>\r\n\t\t\t<\/article>\r\n\t<article class=\"w-grid-item size_1x1 post-790 us_portfolio type-us_portfolio status-publish has-post-thumbnail hentry\" data-id=\"790\">\r\n\t\t<div class=\"w-grid-item-h\">\r\n\t\t\t\t\t\t<div class=\"w-vwrapper usg_vwrapper_1 align_center valign_top\" style=\"--vwrapper-gap:0.8rem\"><div class=\"w-post-elm post_image usg_post_image_1 stretched\"><a href=\"https:\/\/onetech.dev\/irc\/event\/premiere-journee-nationale-sur-lintelligence-artificielle-en-oncologie\" aria-label=\"Premi\u00e8re Journ\u00e9e Nationale Sur l&rsquo;Intelligence Artificielle En Oncologie\"><img loading=\"lazy\" decoding=\"async\" width=\"671\" height=\"900\" src=\"https:\/\/onetech.dev\/irc\/data\/affiche-4.png\" class=\"attachment-full size-full wp-post-image\" alt=\"\" srcset=\"https:\/\/onetech.dev\/irc\/data\/affiche-4.png 671w, https:\/\/onetech.dev\/irc\/data\/affiche-4-261x350.png 261w, https:\/\/onetech.dev\/irc\/data\/affiche-4-112x150.png 112w\" sizes=\"auto, (max-width: 671px) 100vw, 671px\" \/><\/a><\/div><div class=\"w-post-elm post_custom_field usg_post_custom_field_1 type_text date color_link_inherit\"><i class=\"fas fa-calendar-alt\"><\/i><span class=\"w-post-elm-value\">27 mars 2021<\/span><\/div><\/div>\t\t<\/div>\r\n\t\t\t<\/article>\r\n\t<article class=\"w-grid-item size_1x1 post-774 us_portfolio type-us_portfolio status-publish has-post-thumbnail hentry\" data-id=\"774\">\r\n\t\t<div class=\"w-grid-item-h\">\r\n\t\t\t\t\t\t<div class=\"w-vwrapper usg_vwrapper_1 align_center valign_top\" style=\"--vwrapper-gap:0.8rem\"><div class=\"w-post-elm post_image usg_post_image_1 stretched\"><a href=\"https:\/\/onetech.dev\/irc\/event\/1er-journee-de-formation-sur-lannonce-du-diagnostic-en-cancerologie\" aria-label=\"1\u00e8r Journ\u00e9e  De Formation Sur l&rsquo;annonce du diagnostic en canc\u00e9rologie\"><img loading=\"lazy\" decoding=\"async\" width=\"671\" height=\"900\" src=\"https:\/\/onetech.dev\/irc\/data\/event-03-21.jpg\" class=\"attachment-full size-full wp-post-image\" alt=\"\" srcset=\"https:\/\/onetech.dev\/irc\/data\/event-03-21.jpg 671w, https:\/\/onetech.dev\/irc\/data\/event-03-21-261x350.jpg 261w, https:\/\/onetech.dev\/irc\/data\/event-03-21-112x150.jpg 112w\" sizes=\"auto, (max-width: 671px) 100vw, 671px\" \/><\/a><\/div><div class=\"w-post-elm post_custom_field usg_post_custom_field_1 type_text date color_link_inherit\"><i class=\"fas fa-calendar-alt\"><\/i><span class=\"w-post-elm-value\">27 mars 2021<\/span><\/div><\/div>\t\t<\/div>\r\n\t\t\t<\/article>\r\n\t<article class=\"w-grid-item size_1x1 post-784 us_portfolio type-us_portfolio status-publish has-post-thumbnail hentry\" data-id=\"784\">\r\n\t\t<div class=\"w-grid-item-h\">\r\n\t\t\t\t\t\t<div class=\"w-vwrapper usg_vwrapper_1 align_center valign_top\" style=\"--vwrapper-gap:0.8rem\"><div class=\"w-post-elm post_image usg_post_image_1 stretched\"><a href=\"https:\/\/onetech.dev\/irc\/event\/journee-nationale-sur-la-recherche-biomedicale-en-oncologie\" aria-label=\"Journ\u00e9e Nationale sur la Recherche Biom\u00e9dicale en Oncologie\"><img loading=\"lazy\" decoding=\"async\" width=\"671\" height=\"900\" src=\"https:\/\/onetech.dev\/irc\/data\/event-31-21.jpg\" class=\"attachment-full size-full wp-post-image\" alt=\"\" srcset=\"https:\/\/onetech.dev\/irc\/data\/event-31-21.jpg 671w, https:\/\/onetech.dev\/irc\/data\/event-31-21-261x350.jpg 261w, https:\/\/onetech.dev\/irc\/data\/event-31-21-112x150.jpg 112w\" sizes=\"auto, (max-width: 671px) 100vw, 671px\" \/><\/a><\/div><div class=\"w-post-elm post_custom_field usg_post_custom_field_1 type_text date color_link_inherit\"><i class=\"fas fa-calendar-alt\"><\/i><span class=\"w-post-elm-value\">18 mars 2021<\/span><\/div><\/div>\t\t<\/div>\r\n\t\t\t<\/article>\r\n\t<article class=\"w-grid-item size_1x1 post-809 us_portfolio type-us_portfolio status-publish has-post-thumbnail hentry\" data-id=\"809\">\r\n\t\t<div class=\"w-grid-item-h\">\r\n\t\t\t\t\t\t<div class=\"w-vwrapper usg_vwrapper_1 align_center valign_top\" style=\"--vwrapper-gap:0.8rem\"><div class=\"w-post-elm post_image usg_post_image_1 stretched\"><a href=\"https:\/\/onetech.dev\/irc\/event\/la-prise-en-charge-du-cancer-de-lenfant-en-situation-de-pandemie-covid-19\" aria-label=\"La prise en charge du cancer de l&rsquo;enfant en situation de pand\u00e9mie COVID-19\"><img loading=\"lazy\" decoding=\"async\" width=\"671\" height=\"900\" src=\"https:\/\/onetech.dev\/irc\/data\/event-6-20.jpg\" class=\"attachment-full size-full wp-post-image\" alt=\"\" srcset=\"https:\/\/onetech.dev\/irc\/data\/event-6-20.jpg 671w, https:\/\/onetech.dev\/irc\/data\/event-6-20-261x350.jpg 261w, https:\/\/onetech.dev\/irc\/data\/event-6-20-112x150.jpg 112w\" sizes=\"auto, (max-width: 671px) 100vw, 671px\" \/><\/a><\/div><div class=\"w-post-elm post_custom_field usg_post_custom_field_1 type_text date color_link_inherit\"><i class=\"fas fa-calendar-alt\"><\/i><span class=\"w-post-elm-value\">29 avril 2020<\/span><\/div><\/div>\t\t<\/div>\r\n\t\t\t<\/article>\r\n<\/div><div class=\"g-loadmore hidden\"><div class=\"g-preloader type_1\"><div><\/div><\/div><\/div><div class=\"w-grid-list-json hidden\" onclick='return {&quot;max_num_pages&quot;:0,&quot;paginationBase&quot;:&quot;page&quot;,&quot;pagination&quot;:&quot;none&quot;,&quot;paged&quot;:1,&quot;ajaxData&quot;:{&quot;action&quot;:&quot;us_ajax_post_list&quot;,&quot;meta_type&quot;:&quot;post&quot;,&quot;object_id&quot;:0,&quot;template_vars&quot;:{&quot;shortcode_base&quot;:&quot;us_post_list&quot;,&quot;paged&quot;:1,&quot;max_num_pages&quot;:0,&quot;no_results&quot;:false,&quot;us_post_content_design_css&quot;:[],&quot;found_posts&quot;:0,&quot;items_count&quot;:28,&quot;source&quot;:&quot;all&quot;,&quot;custom_field_name&quot;:&quot;&quot;,&quot;ids&quot;:&quot;&quot;,&quot;post_type&quot;:&quot;us_portfolio&quot;,&quot;attachment_ids&quot;:null,&quot;include_post_thumbnail&quot;:0,&quot;post_author&quot;:&quot;any&quot;,&quot;post_author_ids&quot;:&quot;&quot;,&quot;apply_url_params&quot;:0,&quot;ignore_sticky_posts&quot;:1,&quot;exclude_children&quot;:0,&quot;exclude_current_post&quot;:&quot;0&quot;,&quot;exclude_prev_posts&quot;:0,&quot;exclude_past_events&quot;:0,&quot;enable_items_offset&quot;:0,&quot;items_offset&quot;:&quot;1&quot;,&quot;tax_query_relation&quot;:&quot;none&quot;,&quot;tax_query&quot;:[{&quot;operator&quot;:&quot;IN&quot;,&quot;taxonomy&quot;:&quot;category&quot;,&quot;terms&quot;:&quot;&quot;,&quot;include_children&quot;:0}],&quot;meta_query_relation&quot;:&quot;none&quot;,&quot;meta_query&quot;:[{&quot;key&quot;:&quot;custom_field_name&quot;,&quot;compare&quot;:&quot;=&quot;,&quot;value&quot;:&quot;&quot;}],&quot;orderby&quot;:&quot;date7&quot;,&quot;orderby_custom_field&quot;:&quot;&quot;,&quot;orderby_custom_type&quot;:0,&quot;order_invert&quot;:&quot;1&quot;,&quot;show_all&quot;:&quot;1&quot;,&quot;quantity&quot;:&quot;12&quot;,&quot;posts_per_archive_page&quot;:0,&quot;no_items_action&quot;:&quot;message&quot;,&quot;no_items_message&quot;:&quot;Aucun r\\u00e9sultat.&quot;,&quot;no_items_page_block&quot;:&quot;&quot;,&quot;pagination&quot;:&quot;none&quot;,&quot;pagination_style&quot;:&quot;&quot;,&quot;pagination_btn_text&quot;:&quot;Charger plus&quot;,&quot;pagination_btn_size&quot;:&quot;&quot;,&quot;pagination_btn_style&quot;:&quot;1&quot;,&quot;pagination_btn_fullwidth&quot;:0,&quot;items_layout&quot;:&quot;619&quot;,&quot;type&quot;:&quot;grid&quot;,&quot;items_valign&quot;:0,&quot;ignore_items_size&quot;:0,&quot;columns&quot;:&quot;4&quot;,&quot;items_gap&quot;:&quot;1.5rem&quot;,&quot;load_animation&quot;:&quot;none&quot;,&quot;items_preload_style&quot;:&quot;spinner&quot;,&quot;img_size&quot;:&quot;default&quot;,&quot;title_size&quot;:&quot;&quot;,&quot;items_ratio&quot;:&quot;default&quot;,&quot;items_ratio_width&quot;:&quot;21&quot;,&quot;items_ratio_height&quot;:&quot;9&quot;,&quot;overriding_link&quot;:&quot;%7B%22url%22%3A%22%22%7D&quot;,&quot;popup_page_template&quot;:&quot;0&quot;,&quot;popup_width&quot;:&quot;&quot;,&quot;popup_arrows&quot;:1,&quot;breakpoint_1_width&quot;:&quot;1381px&quot;,&quot;breakpoint_1_cols&quot;:&quot;default&quot;,&quot;breakpoint_1_quantity&quot;:&quot;&quot;,&quot;breakpoint_1_gap&quot;:&quot;&quot;,&quot;breakpoint_2_width&quot;:&quot;1025px&quot;,&quot;breakpoint_2_cols&quot;:&quot;2&quot;,&quot;breakpoint_2_quantity&quot;:&quot;&quot;,&quot;breakpoint_2_gap&quot;:&quot;&quot;,&quot;breakpoint_3_width&quot;:&quot;601px&quot;,&quot;breakpoint_3_cols&quot;:&quot;1&quot;,&quot;breakpoint_3_quantity&quot;:&quot;&quot;,&quot;breakpoint_3_gap&quot;:&quot;&quot;,&quot;conditions_operator&quot;:&quot;always&quot;,&quot;conditions&quot;:[],&quot;css&quot;:&quot;%7B%22default%22%3A%7B%22animation-name%22%3A%22afb%22%7D%7D&quot;,&quot;el_class&quot;:&quot;&quot;,&quot;el_id&quot;:&quot;&quot;,&quot;enable_custom_html_atts&quot;:0,&quot;custom_html_atts&quot;:null,&quot;hide_on_states&quot;:&quot;&quot;,&quot;hide_for_sticky&quot;:0,&quot;hide_for_not_sticky&quot;:0,&quot;hide_below&quot;:&quot;0px&quot;,&quot;hide_above&quot;:&quot;0px&quot;,&quot;classes&quot;:&quot; us_custom_60e9caca us_animate_this&quot;,&quot;design_css_class&quot;:&quot;us_custom_60e9caca&quot;}},&quot;facetedFilter&quot;:[]}'><\/div><\/div><\/div><\/div><\/div><\/div><\/section><section class=\"l-section wpb_row height_small\"><div class=\"l-section-h i-cf\"><div class=\"g-cols vc_row via_grid cols_1 laptops-cols_inherit tablets-cols_inherit mobiles-cols_1 valign_top type_default stacking_default\"><div class=\"wpb_column vc_column_container\"><div class=\"vc_column-inner\"><\/div><\/div><\/div><\/div><\/section>\n","protected":false},"excerpt":{"rendered":"La prise en charge du cancer de l&rsquo;enfant en situation de pand\u00e9mie COVID-1929 Avril 2020 \u00e0 15:00 ORGANISATEUR : IRC SITE WEB : www.irc.ma LIEU : Institut De Recherche Sur Cancer (IRC), F\u00e8s. Consulter le programmePartagez cet \u00c9v\u00e9nement","protected":false},"author":1,"featured_media":0,"parent":0,"menu_order":0,"comment_status":"closed","ping_status":"closed","template":"","meta":{"_acf_changed":false,"footnotes":""},"class_list":["post-815","page","type-page","status-publish","hentry"],"acf":[],"lang":"fr","translations":{"fr":815},"pll_sync_post":[],"_links":{"self":[{"href":"https:\/\/onetech.dev\/irc\/wp-json\/wp\/v2\/pages\/815","targetHints":{"allow":["GET"]}}],"collection":[{"href":"https:\/\/onetech.dev\/irc\/wp-json\/wp\/v2\/pages"}],"about":[{"href":"https:\/\/onetech.dev\/irc\/wp-json\/wp\/v2\/types\/page"}],"author":[{"embeddable":true,"href":"https:\/\/onetech.dev\/irc\/wp-json\/wp\/v2\/users\/1"}],"replies":[{"embeddable":true,"href":"https:\/\/onetech.dev\/irc\/wp-json\/wp\/v2\/comments?post=815"}],"version-history":[{"count":8,"href":"https:\/\/onetech.dev\/irc\/wp-json\/wp\/v2\/pages\/815\/revisions"}],"predecessor-version":[{"id":824,"href":"https:\/\/onetech.dev\/irc\/wp-json\/wp\/v2\/pages\/815\/revisions\/824"}],"wp:attachment":[{"href":"https:\/\/onetech.dev\/irc\/wp-json\/wp\/v2\/media?parent=815"}],"curies":[{"name":"wp","href":"https:\/\/api.w.org\/{rel}","templated":true}]}}