{"id":957,"date":"2026-04-20T11:50:23","date_gmt":"2026-04-20T10:50:23","guid":{"rendered":"https:\/\/onetech.dev\/irc\/?page_id=957"},"modified":"2026-04-20T11:50:23","modified_gmt":"2026-04-20T10:50:23","slug":"3eme-cours-francophone-international-depidemiologie-et-de-prevention-des-cancers","status":"publish","type":"page","link":"https:\/\/onetech.dev\/irc\/cours-formations\/cours-formations-presentiels\/3eme-cours-francophone-international-depidemiologie-et-de-prevention-des-cancers","title":{"rendered":"3\u00e9me cours francophone international d\u2019\u00e9pid\u00e9miologie et de pr\u00e9vention des cancers"},"content":{"rendered":"<section class=\"l-section wpb_row height_auto\"><div class=\"l-section-h i-cf\"><div class=\"g-cols vc_row via_grid cols_1 laptops-cols_inherit tablets-cols_inherit mobiles-cols_1 valign_top type_default stacking_default\"><div class=\"wpb_column vc_column_container\"><div class=\"vc_column-inner\"><div class=\"ult-spacer spacer-69f40e0d1b25d\" data-id=\"69f40e0d1b25d\" data-height=\"25\" data-height-mobile=\"25\" data-height-tab=\"25\" data-height-tab-portrait=\"\" data-height-mobile-landscape=\"\" style=\"clear:both;display:block;\"><\/div><div id=\"uvc-type-wrap-8065\"  data-ultimate-target='#uvc-type-wrap-8065'  data-responsive-json-new='{\"font-size\":\"desktop:26px;\",\"line-height\":\"\"}'  class=\"uvc-type-wrap  ult-adjust-bottom-margin ult-responsive  uvc-type-align-center  uvc-wrap-59145699669f40e0d1b285\" style=\"text-align:center;\"><span  data-ultimate-target='#uvc-type-wrap-8065 .mycustfancy'  data-responsive-json-new='{\"font-size\":\"desktop:26px;\",\"line-height\":\"\"}'  class=\"ultimate-typewriter-prefix mycustfancy ult-responsive\" style=\"font-weight:bold;color:#1B76BC; text-transform: unset;\">Cours &amp;<\/span><span id=\"typed-59145699669f40e0d1b285\" class=\"ultimate-typed-main fancytext-typewriter-background-enabled\" style=\"color:#1B76BC;background:#00000000; font-weight:bold; text-transform: unset;\"><\/span><script type=\"text\/javascript\">\n\t\t\t\t\t\tjQuery(function($){ \n\t\t\t\t\t\t\t$(document).ready(function(){\n\t\t\t\t\t\t\t\tif( typeof jQuery(\"#typed-59145699669f40e0d1b285\").typed == \"function\"){\n\t\t\t\t\t\t\t\t\t$(\"#typed-59145699669f40e0d1b285\").typed({\n\t\t\t\t\t\t\t\t\t\tstrings: [\"Formations\"],\n\t\t\t\t\t\t\t\t\t\ttypeSpeed: 35,\n\t\t\t\t\t\t\t\t\t\tbackSpeed: 0,\n\t\t\t\t\t\t\t\t\t\tstartDelay: \"200\",\n\t\t\t\t\t\t\t\t\t\tbackDelay: \"1500\",\n\t\t\t\t\t\t\t\t\t\tloop: true,\n\t\t\t\t\t\t\t\t\t\tloopCount: false,\n\t\t\t\t\t\t\t\t\t\tshowCursor: true,\n\t\t\t\t\t\t\t\t\t\tcursorChar: \"|\",\n\t\t\t\t\t\t\t\t\t\tattr: null\n\t\t\t\t\t\t\t\t\t});\n\t\t\t\t\t\t\t\t}\n\t\t\t\t\t\t\t});\n\t\t\t\t\t\t});\n\t\t\t\t\t<\/script><\/div><div class=\"ult-spacer spacer-69f40e0d1b5c5\" data-id=\"69f40e0d1b5c5\" data-height=\"10\" data-height-mobile=\"10\" data-height-tab=\"10\" data-height-tab-portrait=\"\" data-height-mobile-landscape=\"\" style=\"clear:both;display:block;\"><\/div><\/div><\/div><\/div><\/div><\/section><section class=\"l-section wpb_row height_auto width_custom\" style=\"--site-content-width:1200px;\"><div class=\"l-section-h i-cf\"><div class=\"g-cols vc_row via_grid cols_1-3 laptops-cols_inherit tablets-cols_inherit mobiles-cols_1 valign_top type_default stacking_default\"><div class=\"wpb_column vc_column_container us_custom_7e20fa79 us_animate_this type_sticky\"><div class=\"vc_column-inner\" style=\"top:180px\"><nav class=\"w-menu us_custom_a61e304f layout_ver style_blocks us_menu_1\" style=\"--main-gap:0rem;--main-ver-indent:0.8em;--main-hor-indent:0.8em;--main-color:var(--color-header-middle-bg);--main-hover-color:#f7941f;--main-active-color:#f7941f;\"><ul id=\"menu-cours-formations\" class=\"menu\"><li id=\"menu-item-444\" class=\"menu-item menu-item-type-post_type menu-item-object-page menu-item-444\"><a href=\"https:\/\/onetech.dev\/irc\/cours-formations\/cours-formations-presentiels\">Cours &#038; Formations Pr\u00e9sentiels<\/a><\/li><li id=\"menu-item-410\" class=\"menu-item menu-item-type-post_type menu-item-object-page menu-item-410\"><a href=\"https:\/\/onetech.dev\/irc\/cours-formations\/irc-mooc\">IRC-MOOC<\/a><\/li><li id=\"menu-item-409\" class=\"menu-item menu-item-type-post_type menu-item-object-page menu-item-409\"><a href=\"https:\/\/onetech.dev\/irc\/cours-formations\/e-learning\">E-learning<\/a><\/li><li id=\"menu-item-412\" class=\"menu-item menu-item-type-post_type menu-item-object-page menu-item-412\"><a href=\"https:\/\/onetech.dev\/irc\/cours-formations\/webinaire\">Webinaire<\/a><\/li><\/ul><style>@media ( max-width:600px ){.us_menu_1 .menu{display:block!important}.us_menu_1 .menu>li{margin:0 0 var(--main-gap,0rem)!important}}<\/style><\/nav><div class=\"ult-spacer spacer-69f40e0d1cb39\" data-id=\"69f40e0d1cb39\" data-height=\"10\" data-height-mobile=\"10\" data-height-tab=\"10\" data-height-tab-portrait=\"\" data-height-mobile-landscape=\"\" style=\"clear:both;display:block;\"><\/div><\/div><\/div><div class=\"wpb_column vc_column_container us_custom_47474b22 us_animate_this\"><div class=\"vc_column-inner\"><div class=\"w-text us_custom_11277739 has_text_color\"><span class=\"w-text-h\"><span class=\"w-text-value\">3<sup>\u00e8me<\/sup> \u00e9dition du Cours Francophone International d\u2019\u00c9pid\u00e9miologie et de Pr\u00e9vention des Cancers<\/span><\/span><\/div><div class=\"w-image align_center\"><a ref=\"magnificPopup\" href=\"https:\/\/onetech.dev\/irc\/data\/3eme-cours.jpg\" aria-label=\"3eme-cours\" class=\"w-image-h\"><img decoding=\"async\" width=\"1386\" height=\"1386\" src=\"https:\/\/onetech.dev\/irc\/data\/3eme-cours.jpg\" class=\"attachment-full size-full\" alt=\"\" loading=\"lazy\" srcset=\"https:\/\/onetech.dev\/irc\/data\/3eme-cours.jpg 1386w, https:\/\/onetech.dev\/irc\/data\/3eme-cours-350x350.jpg 350w, https:\/\/onetech.dev\/irc\/data\/3eme-cours-1024x1024.jpg 1024w, https:\/\/onetech.dev\/irc\/data\/3eme-cours-150x150.jpg 150w\" sizes=\"auto, (max-width: 1386px) 100vw, 1386px\" \/><\/a><\/div><div class=\"ult-spacer spacer-69f40e0d1d110\" data-id=\"69f40e0d1d110\" data-height=\"25\" data-height-mobile=\"25\" data-height-tab=\"25\" data-height-tab-portrait=\"\" data-height-mobile-landscape=\"\" style=\"clear:both;display:block;\"><\/div><div class=\"wpb_text_column\"><div class=\"wpb_wrapper\"><p style=\"text-align: justify;\">Du 8 au 12 d\u00e9cembre 2025, l\u2019Institut de Recherche sur le Cancer (IRC) a accueilli la troisi\u00e8me \u00e9dition du <strong>Cours Francophone International d\u2019\u00c9pid\u00e9miologie et de Pr\u00e9vention des Cancers<\/strong>, organis\u00e9e en partenariat avec la Fondation Lalla Salma \u2013 Pr\u00e9vention et Traitement des Cancers, le Centre International de Recherche sur le Cancer (CIRC) et le Minist\u00e8re de la Sant\u00e9 et de la Protection Sociale.<\/p>\n<p style=\"text-align: justify;\">Cette formation de haut niveau a r\u00e9uni 19 participants, dont des professionnels issus de plusieurs pays africains (Tchad, B\u00e9nin, R\u00e9publique D\u00e9mocratique du Congo), ainsi que des participants provenant de diff\u00e9rentes r\u00e9gions du Maroc. Cette diversit\u00e9 t\u00e9moigne du rayonnement r\u00e9gional de l\u2019initiative et de son r\u00f4le dans le renforcement des capacit\u00e9s en sant\u00e9 publique \u00e0 l\u2019\u00e9chelle africaine.<\/p>\n<\/div><\/div><div class=\"ult-spacer spacer-69f40e0d1d36e\" data-id=\"69f40e0d1d36e\" data-height=\"25\" data-height-mobile=\"25\" data-height-tab=\"25\" data-height-tab-portrait=\"\" data-height-mobile-landscape=\"\" style=\"clear:both;display:block;\"><\/div><div class=\"w-text us_custom_4930b9c6 has_text_color\"><span class=\"w-text-h\"><span class=\"w-text-value\">Une formation au c\u0153ur des enjeux de sant\u00e9 publique<\/span><\/span><\/div><div class=\"ult-spacer spacer-69f40e0d1d458\" data-id=\"69f40e0d1d458\" data-height=\"15\" data-height-mobile=\"15\" data-height-tab=\"15\" data-height-tab-portrait=\"\" data-height-mobile-landscape=\"\" style=\"clear:both;display:block;\"><\/div><div class=\"wpb_text_column\"><div class=\"wpb_wrapper\"><p style=\"text-align: justify;\">Le cours visait \u00e0 renforcer les comp\u00e9tences des professionnels de sant\u00e9 et des acteurs engag\u00e9s dans la lutte contre le cancer, en leur offrant des connaissances approfondies en \u00e9pid\u00e9miologie, pr\u00e9vention et d\u00e9tection pr\u00e9coce.<\/p>\n<p style=\"text-align: justify;\">Les th\u00e9matiques abord\u00e9es ont couvert l\u2019ensemble du continuum de la lutte contre le cancer, notamment :<\/p>\n<ul>\n<li>la pr\u00e9vention primaire et la r\u00e9duction des facteurs de risque,<\/li>\n<li>la d\u00e9tection pr\u00e9coce des cancers prioritaires,<\/li>\n<li>la surveillance \u00e9pid\u00e9miologique et l\u2019utilisation des registres des cancers,<\/li>\n<li>la m\u00e9thodologie de recherche et les biostatistiques,<\/li>\n<li>ainsi que les strat\u00e9gies et initiatives internationales en mati\u00e8re de contr\u00f4le du cancer.<\/li>\n<\/ul>\n<\/div><\/div><div class=\"ult-spacer spacer-69f40e0d1d5dd\" data-id=\"69f40e0d1d5dd\" data-height=\"25\" data-height-mobile=\"25\" data-height-tab=\"25\" data-height-tab-portrait=\"\" data-height-mobile-landscape=\"\" style=\"clear:both;display:block;\"><\/div><div class=\"w-image align_center\"><a ref=\"magnificPopup\" href=\"https:\/\/onetech.dev\/irc\/data\/3eme-cours2.jpg\" aria-label=\"3eme-cours2\" class=\"w-image-h\"><img decoding=\"async\" width=\"1263\" height=\"1263\" src=\"https:\/\/onetech.dev\/irc\/data\/3eme-cours2.jpg\" class=\"attachment-full size-full\" alt=\"\" loading=\"lazy\" srcset=\"https:\/\/onetech.dev\/irc\/data\/3eme-cours2.jpg 1263w, https:\/\/onetech.dev\/irc\/data\/3eme-cours2-350x350.jpg 350w, https:\/\/onetech.dev\/irc\/data\/3eme-cours2-1024x1024.jpg 1024w, https:\/\/onetech.dev\/irc\/data\/3eme-cours2-150x150.jpg 150w\" sizes=\"auto, (max-width: 1263px) 100vw, 1263px\" \/><\/a><\/div><div class=\"ult-spacer spacer-69f40e0d1d898\" data-id=\"69f40e0d1d898\" data-height=\"25\" data-height-mobile=\"25\" data-height-tab=\"25\" data-height-tab-portrait=\"\" data-height-mobile-landscape=\"\" style=\"clear:both;display:block;\"><\/div><div class=\"w-text us_custom_4930b9c6 has_text_color\"><span class=\"w-text-h\"><span class=\"w-text-value\">Une approche p\u00e9dagogique interactive et multidisciplinaire<\/span><\/span><\/div><div class=\"ult-spacer spacer-69f40e0d1d981\" data-id=\"69f40e0d1d981\" data-height=\"15\" data-height-mobile=\"15\" data-height-tab=\"15\" data-height-tab-portrait=\"\" data-height-mobile-landscape=\"\" style=\"clear:both;display:block;\"><\/div><div class=\"wpb_text_column\"><div class=\"wpb_wrapper\"><p style=\"text-align: justify;\">Dispens\u00e9e par un corps d\u2019experts nationaux et internationaux issus d\u2019institutions acad\u00e9miques, de structures de sant\u00e9 publique et du CIRC, la formation s\u2019est distingu\u00e9e par une approche p\u00e9dagogique dynamique et participative.<\/p>\n<p style=\"text-align: justify;\">Les participants ont b\u00e9n\u00e9fici\u00e9 d\u2019un dispositif combinant :<\/p>\n<ul>\n<li>des expos\u00e9s th\u00e9oriques,<\/li>\n<li>des discussions interactives,<\/li>\n<li>des \u00e9tudes de cas,<\/li>\n<li>des travaux de groupe et ateliers pratiques.<\/li>\n<\/ul>\n<p style=\"text-align: justify;\">Cette m\u00e9thodologie a favoris\u00e9 l\u2019appropriation des connaissances et leur application dans des contextes professionnels vari\u00e9s.<\/p>\n<\/div><\/div><div class=\"w-slider style_none fit_contain nav_none has_ratio count_4\" style=\"--aspect-ratio: 1\/1;\"><div class=\"w-slider-h\" aria-hidden=\"true\"><div class=\"royalSlider\"><div class=\"rsContent\"><a class=\"rsImg\" data-rsw=\"770\" data-rsh=\"635\" data-rsBigImg=\"https:\/\/onetech.dev\/irc\/data\/3eme-cours3.jpg\" href=\"https:\/\/onetech.dev\/irc\/data\/3eme-cours3.jpg\"><span data-alt=\"\"><\/span><\/a><\/div><div class=\"rsContent\"><a class=\"rsImg\" data-rsw=\"737\" data-rsh=\"636\" data-rsBigImg=\"https:\/\/onetech.dev\/irc\/data\/3eme-cours4-rotated-1.jpg\" href=\"https:\/\/onetech.dev\/irc\/data\/3eme-cours4-rotated-1.jpg\"><span data-alt=\"\"><\/span><\/a><\/div><div class=\"rsContent\"><a class=\"rsImg\" data-rsw=\"768\" data-rsh=\"722\" data-rsBigImg=\"https:\/\/onetech.dev\/irc\/data\/3eme-cours5-rotated-1.jpg\" href=\"https:\/\/onetech.dev\/irc\/data\/3eme-cours5-rotated-1.jpg\"><span data-alt=\"\"><\/span><\/a><\/div><div class=\"rsContent\"><a class=\"rsImg\" data-rsw=\"747\" data-rsh=\"722\" data-rsBigImg=\"https:\/\/onetech.dev\/irc\/data\/3eme-cours6.jpg\" href=\"https:\/\/onetech.dev\/irc\/data\/3eme-cours6.jpg\"><span data-alt=\"\"><\/span><\/a><\/div><\/div><img decoding=\"async\" src=\"https:\/\/onetech.dev\/irc\/data\/3eme-cours3.jpg\" width=\"770\" height=\"635\" alt loading=\"lazy\"><\/div><div class=\"w-slider-json\" onclick='return {&quot;autoScaleSlider&quot;:false,&quot;addActiveClass&quot;:true,&quot;loop&quot;:true,&quot;fadeInLoadedSlide&quot;:false,&quot;slidesSpacing&quot;:0,&quot;imageScalePadding&quot;:0,&quot;numImagesToPreload&quot;:2,&quot;arrowsNav&quot;:true,&quot;arrowsNavAutoHide&quot;:false,&quot;transitionType&quot;:&quot;move&quot;,&quot;transitionSpeed&quot;:250,&quot;block&quot;:{&quot;moveEffect&quot;:&quot;none&quot;,&quot;speed&quot;:300},&quot;thumbs&quot;:{&quot;fitInViewport&quot;:false,&quot;firstMargin&quot;:false,&quot;spacing&quot;:4},&quot;controlNavigation&quot;:&quot;none&quot;,&quot;autoplay&quot;:{&quot;enabled&quot;:true,&quot;pauseOnHover&quot;:true,&quot;delay&quot;:3000},&quot;fullscreen&quot;:{&quot;enabled&quot;:true}}'><\/div><\/div><div class=\"w-text us_custom_4930b9c6 has_text_color\"><span class=\"w-text-h\"><span class=\"w-text-value\">Un impact mesurable et une forte satisfaction<\/span><\/span><\/div><div class=\"ult-spacer spacer-69f40e0d1e227\" data-id=\"69f40e0d1e227\" data-height=\"15\" data-height-mobile=\"15\" data-height-tab=\"15\" data-height-tab-portrait=\"\" data-height-mobile-landscape=\"\" style=\"clear:both;display:block;\"><\/div><div class=\"wpb_text_column\"><div class=\"wpb_wrapper\"><p style=\"text-align: justify;\">L\u2019\u00e9valuation des acquis a mis en \u00e9vidence une am\u00e9lioration significative des connaissances des participants entre le d\u00e9but et la fin de la formation, confirmant l\u2019efficacit\u00e9 du dispositif p\u00e9dagogique.<\/p>\n<p style=\"text-align: justify;\">Par ailleurs, les retours recueillis t\u00e9moignent d\u2019un niveau de satisfaction tr\u00e8s \u00e9lev\u00e9. Les participants ont salu\u00e9 la qualit\u00e9 scientifique des intervenants, la pertinence des contenus et l\u2019excellente organisation de la formation.<\/p>\n<\/div><\/div><div class=\"ult-spacer spacer-69f40e0d1e352\" data-id=\"69f40e0d1e352\" data-height=\"25\" data-height-mobile=\"25\" data-height-tab=\"25\" data-height-tab-portrait=\"\" data-height-mobile-landscape=\"\" style=\"clear:both;display:block;\"><\/div><div class=\"w-text us_custom_4930b9c6 has_text_color\"><span class=\"w-text-h\"><span class=\"w-text-value\">Une initiative au service de la coop\u00e9ration et du renforcement des capacit\u00e9s<\/span><\/span><\/div><div class=\"ult-spacer spacer-69f40e0d1e421\" data-id=\"69f40e0d1e421\" data-height=\"15\" data-height-mobile=\"15\" data-height-tab=\"15\" data-height-tab-portrait=\"\" data-height-mobile-landscape=\"\" style=\"clear:both;display:block;\"><\/div><div class=\"wpb_text_column\"><div class=\"wpb_wrapper\"><p style=\"text-align: justify;\">Au-del\u00e0 de l\u2019acquisition de comp\u00e9tences techniques, ce cours a constitu\u00e9 un espace privil\u00e9gi\u00e9 d\u2019\u00e9change, de partage d\u2019exp\u00e9riences et de renforcement des collaborations entre professionnels de sant\u00e9, chercheurs et institutions partenaires.<\/p>\n<p style=\"text-align: justify;\">\u00c0 travers cette initiative, l\u2019Institut de Recherche sur le Cancer r\u00e9affirme son engagement en faveur du d\u00e9veloppement des comp\u00e9tences en \u00e9pid\u00e9miologie et en pr\u00e9vention des cancers, contribuant ainsi \u00e0 l\u2019am\u00e9lioration des strat\u00e9gies de lutte contre le cancer au Maroc et dans la r\u00e9gion africaine.<\/p>\n<\/div><\/div><div class=\"ult-spacer spacer-69f40e0d1e544\" data-id=\"69f40e0d1e544\" data-height=\"25\" data-height-mobile=\"25\" data-height-tab=\"25\" data-height-tab-portrait=\"\" data-height-mobile-landscape=\"\" style=\"clear:both;display:block;\"><\/div><div class=\"w-btn-wrapper align_center\"><a class=\"w-btn us-btn-style_1 icon_atleft\" target=\"_blank\" href=\"https:\/\/onetech.dev\/irc\/data\/programme-irc-2025.pdf\"><i class=\"far fa-download\"><\/i><span class=\"w-btn-label\">Programme<\/span><\/a><\/div><\/div><\/div><\/div><\/div><\/section><section class=\"l-section wpb_row height_small\"><div class=\"l-section-h i-cf\"><div class=\"g-cols vc_row via_grid cols_1 laptops-cols_inherit tablets-cols_inherit mobiles-cols_1 valign_top type_default stacking_default\"><div class=\"wpb_column vc_column_container\"><div class=\"vc_column-inner\"><\/div><\/div><\/div><\/div><\/section>\n","protected":false},"excerpt":{"rendered":"Cours &amp;Cours &#038; Formations Pr\u00e9sentielsIRC-MOOCE-learningWebinaire3\u00e8me \u00e9dition du Cours Francophone International d\u2019\u00c9pid\u00e9miologie et de Pr\u00e9vention des CancersDu 8 au 12 d\u00e9cembre 2025, l\u2019Institut de Recherche sur le Cancer (IRC) a accueilli la troisi\u00e8me \u00e9dition du Cours Francophone International d\u2019\u00c9pid\u00e9miologie et de Pr\u00e9vention des Cancers, organis\u00e9e en partenariat avec la Fondation Lalla Salma \u2013 Pr\u00e9vention et Traitement...","protected":false},"author":1,"featured_media":0,"parent":389,"menu_order":0,"comment_status":"closed","ping_status":"closed","template":"","meta":{"_acf_changed":false,"footnotes":""},"class_list":["post-957","page","type-page","status-publish","hentry"],"acf":[],"lang":"fr","translations":{"fr":957},"pll_sync_post":[],"_links":{"self":[{"href":"https:\/\/onetech.dev\/irc\/wp-json\/wp\/v2\/pages\/957","targetHints":{"allow":["GET"]}}],"collection":[{"href":"https:\/\/onetech.dev\/irc\/wp-json\/wp\/v2\/pages"}],"about":[{"href":"https:\/\/onetech.dev\/irc\/wp-json\/wp\/v2\/types\/page"}],"author":[{"embeddable":true,"href":"https:\/\/onetech.dev\/irc\/wp-json\/wp\/v2\/users\/1"}],"replies":[{"embeddable":true,"href":"https:\/\/onetech.dev\/irc\/wp-json\/wp\/v2\/comments?post=957"}],"version-history":[{"count":12,"href":"https:\/\/onetech.dev\/irc\/wp-json\/wp\/v2\/pages\/957\/revisions"}],"predecessor-version":[{"id":975,"href":"https:\/\/onetech.dev\/irc\/wp-json\/wp\/v2\/pages\/957\/revisions\/975"}],"up":[{"embeddable":true,"href":"https:\/\/onetech.dev\/irc\/wp-json\/wp\/v2\/pages\/389"}],"wp:attachment":[{"href":"https:\/\/onetech.dev\/irc\/wp-json\/wp\/v2\/media?parent=957"}],"curies":[{"name":"wp","href":"https:\/\/api.w.org\/{rel}","templated":true}]}}